{"id":1385,"date":"2021-11-16T14:29:12","date_gmt":"2021-11-16T13:29:12","guid":{"rendered":"https:\/\/gewerbeoberesfricktal.ch\/?page_id=1385"},"modified":"2021-11-16T14:30:22","modified_gmt":"2021-11-16T13:30:22","slug":"anmeldung-outdoor-roemer-neujahr-after-work-fondue-7-januar-2022","status":"publish","type":"page","link":"https:\/\/gewerbeoberesfricktal.ch\/index.php\/kontakt\/anmeldung-outdoor-roemer-neujahr-after-work-fondue-7-januar-2022\/","title":{"rendered":"Anmeldung Outdoor-R\u00f6mer-Neujahr-After-Work-Fondue 7. Januar 2022"},"content":{"rendered":"<div id=\"vfb-form-13\" class=\"visual-form-builder-container\"><form id=\"anmeldung-after-work-outdoor-fondue-7-januar-2022-13\" class=\"visual-form-builder vfb-form-13 \" method=\"post\" enctype=\"multipart\/form-data\">\r\n\t  \t<input type=\"hidden\" name=\"form_id\" value=\"13\" \/><fieldset class=\"vfb-fieldset vfb-fieldset-1 anmeldung-outdoor-roemer-neujahrs-after-work-fondue-am-7-januar-2022 \" id=\"item-vfb-207\"><div class=\"vfb-legend\"><h3>Anmeldung Outdoor-R\u00f6mer-Neujahrs-After-Work-Fondue am 7. Januar 2022<\/h3><\/div><ul class=\"vfb-section vfb-section-1\"><li class=\"vfb-item vfb-item-instructions  \" id=\"item-vfb-220\"><label class=\"vfb-desc\">Verbindliche Anmeldung zur Teilnahme <\/label>Freitag, 7. Januar 2022\r\nEintreffen ab 17.45h (Feuer brennt ab 17.00h)\r\nBeginn p\u00fcnktlich 18.00h:\r\n\u2013 Start mit erstem \u201eFonduemocken\u201c\r\nEnde 19.00h (+ weitere Gespr\u00e4che um die Feuerstelle bis ca. 21h m\u00f6glich)\r\nKonsumationsanteil pro Teilnehmer: CHF 40.00; Aktivmitglieder GOF mit bezahltem Jahresbeitrag: CHF 10.00 Rabatt.\r\n(Bezahlung am Anlass)\r\n\r\nVeranstaltet zusammen mit:\r\nVerein \u00dcberbetriebliche Zusammenarbeit, Kompetenznetzwerk Standortf\u00f6rderung, boezbergblog.ch, IG Einwohnerforum B\u00f6ztal<\/li><li class=\"vfb-item vfb-item-text  \" id=\"item-vfb-212\"><label for=\"vfb-212\" class=\"vfb-desc\">Vorname  <span class=\"vfb-required-asterisk\">*<\/span><\/label><input type=\"text\" name=\"vfb-212\" id=\"vfb-212\" value=\"\" class=\"vfb-text  vfb-medium  required  \" \/><\/li><li class=\"vfb-item vfb-item-text  \" id=\"item-vfb-213\"><label for=\"vfb-213\" class=\"vfb-desc\">Name  <span class=\"vfb-required-asterisk\">*<\/span><\/label><input type=\"text\" name=\"vfb-213\" id=\"vfb-213\" value=\"\" class=\"vfb-text  vfb-medium  required  \" \/><\/li><li class=\"vfb-item vfb-item-text  \" id=\"item-vfb-218\"><label for=\"vfb-218\" class=\"vfb-desc\">Branche <\/label><input type=\"text\" name=\"vfb-218\" id=\"vfb-218\" value=\"\" class=\"vfb-text  vfb-medium   \" \/><\/li><li class=\"vfb-item vfb-item-text  \" id=\"item-vfb-217\"><label for=\"vfb-217\" class=\"vfb-desc\">Postleitzahl \/ Ort <\/label><input type=\"text\" name=\"vfb-217\" id=\"vfb-217\" value=\"\" class=\"vfb-text  vfb-medium   \" \/><\/li><li class=\"vfb-item vfb-item-select  \" id=\"item-vfb-211\"><label for=\"vfb-211\" class=\"vfb-desc\">Anzahl Teilnehmende  <span class=\"vfb-required-asterisk\">*<\/span><\/label><select name=\"vfb-211\" id=\"vfb-211\" class=\"vfb-select  vfb-medium  required \"><option value=\"keine Begleitpersonen\">keine Begleitpersonen<\/option><option value=\"1 Begleitperson\">1 Begleitperson<\/option><\/select><\/li><li class=\"vfb-item vfb-item-textarea  \" id=\"item-vfb-221\"><label for=\"vfb-221\" class=\"vfb-desc\">Name der Begleitperson <\/label><div><textarea name=\"vfb-221\" id=\"vfb-221\" class=\"vfb-textarea  vfb-medium  \"><\/textarea><\/div><\/li><li class=\"vfb-item vfb-item-email  \" id=\"item-vfb-214\"><label for=\"vfb-214\" class=\"vfb-desc\">Meine Email  <span class=\"vfb-required-asterisk\">*<\/span><\/label><input type=\"email\" name=\"vfb-214\" id=\"vfb-214\" value=\"\" class=\"vfb-text  vfb-medium  required  email \" \/><\/li><li class=\"vfb-item vfb-item-phone  \" id=\"item-vfb-215\"><label for=\"vfb-215\" class=\"vfb-desc\">Telefon  <span class=\"vfb-required-asterisk\">*<\/span><\/label><span class=\"vfb-span\"><input type=\"tel\" name=\"vfb-215\" id=\"vfb-215\" value=\"\" class=\"vfb-text  vfb-medium  required  phone \" \/><label>z.B. +41799998877<\/label><\/span><\/li><li class=\"vfb-item vfb-item-select  \" id=\"item-vfb-216\"><label for=\"vfb-216\" class=\"vfb-desc\">Vereinsmitglied <\/label><select name=\"vfb-216\" id=\"vfb-216\" class=\"vfb-select  vfb-medium  \"><option value=\"Ja\">Ja<\/option><option value=\"Nein\">Nein<\/option><option value=\"Bin Interessent\">Bin Interessent<\/option><\/select><\/li><li class=\"vfb-item vfb-item-checkbox  \" id=\"item-vfb-222\"><label class=\"vfb-desc\">Weiteres <\/label><div><span class=\"vfb-span\"><input type=\"checkbox\" name=\"vfb-222[]\" id=\"vfb-222-0\" value=\"Ich bringe etwas zum Kaffee mit.\" class=\"vfb-checkbox  \" \/><label for=\"vfb-222-0\" class=\"vfb-choice\">Ich bringe etwas zum Kaffee mit.<\/label><\/span><span class=\"vfb-span\"><input type=\"checkbox\" name=\"vfb-222[]\" id=\"vfb-222-1\" value=\"Ich m\u00f6chte Sympathisantenmitglied werden.\" class=\"vfb-checkbox  \" \/><label for=\"vfb-222-1\" class=\"vfb-choice\">Ich m\u00f6chte Sympathisantenmitglied werden.<\/label><\/span><div style=\"clear:both\"><\/div><\/div><\/li><li class=\"vfb-item vfb-item-textarea  \" id=\"item-vfb-219\"><label for=\"vfb-219\" class=\"vfb-desc\">Bemerkungen \/ Mitteilung <\/label><div><textarea name=\"vfb-219\" id=\"vfb-219\" class=\"vfb-textarea  vfb-medium  \"><\/textarea><\/div><\/li><\/ul>&nbsp;<\/fieldset><fieldset class=\"vfb-fieldset vfb-fieldset-2 bestaetigung \" id=\"item-vfb-208\" style=\"display:block\"><div class=\"vfb-legend\"><h3>Best\u00e4tigung<\/h3><\/div><ul class=\"vfb-section vfb-section-2\"><li class=\"vfb-item vfb-item-secret\"  style=\"display:block\"><label for=\"vfb-209\" class=\"vfb-desc\">Bitte geben Sie eine beliebige 2 - stellige Zahl ein <span class=\"vfb-required-asterisk\">*<\/span><\/label><input type=\"hidden\" name=\"_vfb-secret\" value=\"vfb-209\" \/><span class=\"vfb-span\"><input type=\"text\" name=\"vfb-209\" id=\"vfb-209\" value=\"\" class=\"vfb-text  vfb-medium  required {digits:true,maxlength:2,minlength:2} \" style=\"display:block\" \/><label>Beispiel: 12<\/label><\/span><li style=\"display:none;\"><label>This box is for spam protection - &lt;strong&gt;please leave it blank&lt;\/strong&gt;:<\/label><div><input name=\"vfb-spam\" \/><\/div><\/li>\r\n\t\t\t<li class=\"vfb-item vfb-item-submit\" id=\"item-vfb-210\">\r\n\t\t\t\t<input type=\"submit\" name=\"vfb-submit\" id=\"vfb-210\" value=\"Absenden\" class=\"vfb-submit \" \/>\r\n\t\t\t\t<\/li><\/ul>\r\n\t\t\t<\/fieldset><input type=\"hidden\" name=\"_wp_http_referer\" value=\"\/index.php\/wp-json\/wp\/v2\/pages\/1385\" \/><\/form><\/div> <!-- .visual-form-builder-container -->\n","protected":false},"excerpt":{"rendered":"","protected":false},"author":4,"featured_media":0,"parent":301,"menu_order":0,"comment_status":"closed","ping_status":"closed","template":"","meta":{"ngg_post_thumbnail":0,"footnotes":""},"class_list":["post-1385","page","type-page","status-publish","hentry"],"yoast_head":"<!-- This site is optimized with the Yoast SEO plugin v27.5 - https:\/\/yoast.com\/product\/yoast-seo-wordpress\/ -->\n<title>Anmeldung Outdoor-R\u00f6mer-Neujahr-After-Work-Fondue 7. Januar 2022 - Gewerbeverein Oberes Fricktal<\/title>\n<meta name=\"description\" content=\"Anmeldung Outdoor-R\u00f6mer-Neujahr-After-Work-Fondue 7. Januar 2022\" \/>\n<meta name=\"robots\" content=\"index, follow, max-snippet:-1, max-image-preview:large, max-video-preview:-1\" \/>\n<link rel=\"canonical\" href=\"https:\/\/gewerbeoberesfricktal.ch\/index.php\/kontakt\/anmeldung-outdoor-roemer-neujahr-after-work-fondue-7-januar-2022\/\" \/>\n<meta property=\"og:locale\" content=\"de_DE\" \/>\n<meta property=\"og:type\" content=\"article\" \/>\n<meta property=\"og:title\" content=\"Anmeldung Outdoor-R\u00f6mer-Neujahr-After-Work-Fondue 7. Januar 2022 - Gewerbeverein Oberes Fricktal\" \/>\n<meta property=\"og:description\" content=\"Anmeldung Outdoor-R\u00f6mer-Neujahr-After-Work-Fondue 7. Januar 2022\" \/>\n<meta property=\"og:url\" content=\"https:\/\/gewerbeoberesfricktal.ch\/index.php\/kontakt\/anmeldung-outdoor-roemer-neujahr-after-work-fondue-7-januar-2022\/\" \/>\n<meta property=\"og:site_name\" content=\"Gewerbeverein Oberes Fricktal\" \/>\n<meta property=\"article:publisher\" content=\"https:\/\/facebook.com\/gewerbe-oberes-fricktal\" \/>\n<meta property=\"article:modified_time\" content=\"2021-11-16T13:30:22+00:00\" \/>\n<meta name=\"twitter:card\" content=\"summary_large_image\" \/>\n<meta name=\"twitter:label1\" content=\"Gesch\u00e4tzte Lesezeit\" \/>\n\t<meta name=\"twitter:data1\" content=\"1\u00a0Minute\" \/>\n<script type=\"application\/ld+json\" class=\"yoast-schema-graph\">{\"@context\":\"https:\\\/\\\/schema.org\",\"@graph\":[{\"@type\":\"WebPage\",\"@id\":\"https:\\\/\\\/gewerbeoberesfricktal.ch\\\/index.php\\\/kontakt\\\/anmeldung-outdoor-roemer-neujahr-after-work-fondue-7-januar-2022\\\/\",\"url\":\"https:\\\/\\\/gewerbeoberesfricktal.ch\\\/index.php\\\/kontakt\\\/anmeldung-outdoor-roemer-neujahr-after-work-fondue-7-januar-2022\\\/\",\"name\":\"Anmeldung Outdoor-R\u00f6mer-Neujahr-After-Work-Fondue 7. Januar 2022 - Gewerbeverein Oberes Fricktal\",\"isPartOf\":{\"@id\":\"https:\\\/\\\/gewerbeoberesfricktal.ch\\\/#website\"},\"datePublished\":\"2021-11-16T13:29:12+00:00\",\"dateModified\":\"2021-11-16T13:30:22+00:00\",\"description\":\"Anmeldung Outdoor-R\u00f6mer-Neujahr-After-Work-Fondue 7. Januar 2022\",\"breadcrumb\":{\"@id\":\"https:\\\/\\\/gewerbeoberesfricktal.ch\\\/index.php\\\/kontakt\\\/anmeldung-outdoor-roemer-neujahr-after-work-fondue-7-januar-2022\\\/#breadcrumb\"},\"inLanguage\":\"de-CH\",\"potentialAction\":[{\"@type\":\"ReadAction\",\"target\":[\"https:\\\/\\\/gewerbeoberesfricktal.ch\\\/index.php\\\/kontakt\\\/anmeldung-outdoor-roemer-neujahr-after-work-fondue-7-januar-2022\\\/\"]}]},{\"@type\":\"BreadcrumbList\",\"@id\":\"https:\\\/\\\/gewerbeoberesfricktal.ch\\\/index.php\\\/kontakt\\\/anmeldung-outdoor-roemer-neujahr-after-work-fondue-7-januar-2022\\\/#breadcrumb\",\"itemListElement\":[{\"@type\":\"ListItem\",\"position\":1,\"name\":\"Startseite\",\"item\":\"https:\\\/\\\/gewerbeoberesfricktal.ch\\\/\"},{\"@type\":\"ListItem\",\"position\":2,\"name\":\"Kontakt\",\"item\":\"https:\\\/\\\/gewerbeoberesfricktal.ch\\\/index.php\\\/kontakt\\\/\"},{\"@type\":\"ListItem\",\"position\":3,\"name\":\"Anmeldung Outdoor-R\u00f6mer-Neujahr-After-Work-Fondue 7. Januar 2022\"}]},{\"@type\":\"WebSite\",\"@id\":\"https:\\\/\\\/gewerbeoberesfricktal.ch\\\/#website\",\"url\":\"https:\\\/\\\/gewerbeoberesfricktal.ch\\\/\",\"name\":\"Gewerbeverein Oberes Fricktal\",\"description\":\"Ein starkes Gewerbe braucht die Region.\",\"publisher\":{\"@id\":\"https:\\\/\\\/gewerbeoberesfricktal.ch\\\/#organization\"},\"potentialAction\":[{\"@type\":\"SearchAction\",\"target\":{\"@type\":\"EntryPoint\",\"urlTemplate\":\"https:\\\/\\\/gewerbeoberesfricktal.ch\\\/?s={search_term_string}\"},\"query-input\":{\"@type\":\"PropertyValueSpecification\",\"valueRequired\":true,\"valueName\":\"search_term_string\"}}],\"inLanguage\":\"de-CH\"},{\"@type\":\"Organization\",\"@id\":\"https:\\\/\\\/gewerbeoberesfricktal.ch\\\/#organization\",\"name\":\"Gewerbeverein Oberes Fricktal\",\"url\":\"https:\\\/\\\/gewerbeoberesfricktal.ch\\\/\",\"logo\":{\"@type\":\"ImageObject\",\"inLanguage\":\"de-CH\",\"@id\":\"https:\\\/\\\/gewerbeoberesfricktal.ch\\\/#\\\/schema\\\/logo\\\/image\\\/\",\"url\":\"https:\\\/\\\/gewerbeoberesfricktal.ch\\\/wp-content\\\/uploads\\\/2018\\\/04\\\/GOF_Wortmarke-DEF_positiv-gruen-anthrazit_ausschnitt.jpg\",\"contentUrl\":\"https:\\\/\\\/gewerbeoberesfricktal.ch\\\/wp-content\\\/uploads\\\/2018\\\/04\\\/GOF_Wortmarke-DEF_positiv-gruen-anthrazit_ausschnitt.jpg\",\"width\":1214,\"height\":498,\"caption\":\"Gewerbeverein Oberes Fricktal\"},\"image\":{\"@id\":\"https:\\\/\\\/gewerbeoberesfricktal.ch\\\/#\\\/schema\\\/logo\\\/image\\\/\"},\"sameAs\":[\"https:\\\/\\\/facebook.com\\\/gewerbe-oberes-fricktal\"]}]}<\/script>\n<!-- \/ Yoast SEO plugin. -->","yoast_head_json":{"title":"Anmeldung Outdoor-R\u00f6mer-Neujahr-After-Work-Fondue 7. Januar 2022 - Gewerbeverein Oberes Fricktal","description":"Anmeldung Outdoor-R\u00f6mer-Neujahr-After-Work-Fondue 7. Januar 2022","robots":{"index":"index","follow":"follow","max-snippet":"max-snippet:-1","max-image-preview":"max-image-preview:large","max-video-preview":"max-video-preview:-1"},"canonical":"https:\/\/gewerbeoberesfricktal.ch\/index.php\/kontakt\/anmeldung-outdoor-roemer-neujahr-after-work-fondue-7-januar-2022\/","og_locale":"de_DE","og_type":"article","og_title":"Anmeldung Outdoor-R\u00f6mer-Neujahr-After-Work-Fondue 7. Januar 2022 - Gewerbeverein Oberes Fricktal","og_description":"Anmeldung Outdoor-R\u00f6mer-Neujahr-After-Work-Fondue 7. Januar 2022","og_url":"https:\/\/gewerbeoberesfricktal.ch\/index.php\/kontakt\/anmeldung-outdoor-roemer-neujahr-after-work-fondue-7-januar-2022\/","og_site_name":"Gewerbeverein Oberes Fricktal","article_publisher":"https:\/\/facebook.com\/gewerbe-oberes-fricktal","article_modified_time":"2021-11-16T13:30:22+00:00","twitter_card":"summary_large_image","twitter_misc":{"Gesch\u00e4tzte Lesezeit":"1\u00a0Minute"},"schema":{"@context":"https:\/\/schema.org","@graph":[{"@type":"WebPage","@id":"https:\/\/gewerbeoberesfricktal.ch\/index.php\/kontakt\/anmeldung-outdoor-roemer-neujahr-after-work-fondue-7-januar-2022\/","url":"https:\/\/gewerbeoberesfricktal.ch\/index.php\/kontakt\/anmeldung-outdoor-roemer-neujahr-after-work-fondue-7-januar-2022\/","name":"Anmeldung Outdoor-R\u00f6mer-Neujahr-After-Work-Fondue 7. Januar 2022 - Gewerbeverein Oberes Fricktal","isPartOf":{"@id":"https:\/\/gewerbeoberesfricktal.ch\/#website"},"datePublished":"2021-11-16T13:29:12+00:00","dateModified":"2021-11-16T13:30:22+00:00","description":"Anmeldung Outdoor-R\u00f6mer-Neujahr-After-Work-Fondue 7. Januar 2022","breadcrumb":{"@id":"https:\/\/gewerbeoberesfricktal.ch\/index.php\/kontakt\/anmeldung-outdoor-roemer-neujahr-after-work-fondue-7-januar-2022\/#breadcrumb"},"inLanguage":"de-CH","potentialAction":[{"@type":"ReadAction","target":["https:\/\/gewerbeoberesfricktal.ch\/index.php\/kontakt\/anmeldung-outdoor-roemer-neujahr-after-work-fondue-7-januar-2022\/"]}]},{"@type":"BreadcrumbList","@id":"https:\/\/gewerbeoberesfricktal.ch\/index.php\/kontakt\/anmeldung-outdoor-roemer-neujahr-after-work-fondue-7-januar-2022\/#breadcrumb","itemListElement":[{"@type":"ListItem","position":1,"name":"Startseite","item":"https:\/\/gewerbeoberesfricktal.ch\/"},{"@type":"ListItem","position":2,"name":"Kontakt","item":"https:\/\/gewerbeoberesfricktal.ch\/index.php\/kontakt\/"},{"@type":"ListItem","position":3,"name":"Anmeldung Outdoor-R\u00f6mer-Neujahr-After-Work-Fondue 7. Januar 2022"}]},{"@type":"WebSite","@id":"https:\/\/gewerbeoberesfricktal.ch\/#website","url":"https:\/\/gewerbeoberesfricktal.ch\/","name":"Gewerbeverein Oberes Fricktal","description":"Ein starkes Gewerbe braucht die Region.","publisher":{"@id":"https:\/\/gewerbeoberesfricktal.ch\/#organization"},"potentialAction":[{"@type":"SearchAction","target":{"@type":"EntryPoint","urlTemplate":"https:\/\/gewerbeoberesfricktal.ch\/?s={search_term_string}"},"query-input":{"@type":"PropertyValueSpecification","valueRequired":true,"valueName":"search_term_string"}}],"inLanguage":"de-CH"},{"@type":"Organization","@id":"https:\/\/gewerbeoberesfricktal.ch\/#organization","name":"Gewerbeverein Oberes Fricktal","url":"https:\/\/gewerbeoberesfricktal.ch\/","logo":{"@type":"ImageObject","inLanguage":"de-CH","@id":"https:\/\/gewerbeoberesfricktal.ch\/#\/schema\/logo\/image\/","url":"https:\/\/gewerbeoberesfricktal.ch\/wp-content\/uploads\/2018\/04\/GOF_Wortmarke-DEF_positiv-gruen-anthrazit_ausschnitt.jpg","contentUrl":"https:\/\/gewerbeoberesfricktal.ch\/wp-content\/uploads\/2018\/04\/GOF_Wortmarke-DEF_positiv-gruen-anthrazit_ausschnitt.jpg","width":1214,"height":498,"caption":"Gewerbeverein Oberes Fricktal"},"image":{"@id":"https:\/\/gewerbeoberesfricktal.ch\/#\/schema\/logo\/image\/"},"sameAs":["https:\/\/facebook.com\/gewerbe-oberes-fricktal"]}]}},"_links":{"self":[{"href":"https:\/\/gewerbeoberesfricktal.ch\/index.php\/wp-json\/wp\/v2\/pages\/1385","targetHints":{"allow":["GET"]}}],"collection":[{"href":"https:\/\/gewerbeoberesfricktal.ch\/index.php\/wp-json\/wp\/v2\/pages"}],"about":[{"href":"https:\/\/gewerbeoberesfricktal.ch\/index.php\/wp-json\/wp\/v2\/types\/page"}],"author":[{"embeddable":true,"href":"https:\/\/gewerbeoberesfricktal.ch\/index.php\/wp-json\/wp\/v2\/users\/4"}],"replies":[{"embeddable":true,"href":"https:\/\/gewerbeoberesfricktal.ch\/index.php\/wp-json\/wp\/v2\/comments?post=1385"}],"version-history":[{"count":2,"href":"https:\/\/gewerbeoberesfricktal.ch\/index.php\/wp-json\/wp\/v2\/pages\/1385\/revisions"}],"predecessor-version":[{"id":1387,"href":"https:\/\/gewerbeoberesfricktal.ch\/index.php\/wp-json\/wp\/v2\/pages\/1385\/revisions\/1387"}],"up":[{"embeddable":true,"href":"https:\/\/gewerbeoberesfricktal.ch\/index.php\/wp-json\/wp\/v2\/pages\/301"}],"wp:attachment":[{"href":"https:\/\/gewerbeoberesfricktal.ch\/index.php\/wp-json\/wp\/v2\/media?parent=1385"}],"curies":[{"name":"wp","href":"https:\/\/api.w.org\/{rel}","templated":true}]}}