{"id":303,"date":"2018-03-12T16:42:50","date_gmt":"2018-03-12T16:42:50","guid":{"rendered":"https:\/\/gewerbeoberesfricktal.ch\/?page_id=303"},"modified":"2026-01-10T13:35:32","modified_gmt":"2026-01-10T12:35:32","slug":"info","status":"publish","type":"page","link":"https:\/\/gewerbeoberesfricktal.ch\/index.php\/info\/","title":{"rendered":"Info"},"content":{"rendered":"<p><strong>Vereinsziele<\/strong><\/p>\n<p>Der Verein bezweckt den Zusammenschluss der regionalen Handwerker-, Handels-, Dienstleistungs- und Gewerbetriebe, Selbst\u00e4ndig Erwerbende, Freelancer und andere Formen einer Erwerbst\u00e4tigkeit (siehe Startseite Homepage) zu gemeinsamer Wahrung und F\u00f6rderung deren Interessen gegen\u00fcber \u00f6ffentlichen Organisationen, NGO&#8217;s, Verwaltungen, Paraverwaltung und Privaten, Interessengruppen, Initiativen, Bev\u00f6lkerung und Einwohnern.<\/p>\n<p>Der Verein hat auch Funktionen wie Thinktank, Ideenb\u00f6rse, Impulsgeber und Wissens- \/ Informationsplattform.<\/p>\n<p>Er f\u00f6rdert Kommunikation, Koordination, Kooperation sowie den Standort.<\/p>\n<p>Der Erfahrungsaustausch, die Kommunikationsm\u00f6glichkeiten und die Netzwerke sollen innerhalb und ausserhalb des Vereines gepflegt werden. Ein Erwerbszweck wird ausdr\u00fccklich nicht verfolgt.<\/p>\n<p>&nbsp;<\/p>\n<p><strong>Vorstand<\/strong><\/p>\n<p>Marco Laube, Heinz Oftinger, Hans Amsler<br>Delegierter des Vorstandes: Heinz Oftinger<br>Vertreterin und Koordination der Themen- \/ Arbeitsgruppen: Mariska Van Zyl<\/p>\n<p>&nbsp;<\/p>\n<p><strong>Arbeits-, Interessen-, Aktions- und Themengruppen:<\/strong><\/p>\n<p>Bau Nebengewerbe, Logistik, \u00dcberregional und Netzwerke, Gemeinden+Beh\u00f6rden, Startups und Einsteiger, Plattformen und IT\/Digitalisierung, IT Sicherheitund Stromversorgung, AI\/KI und AR.<br>Zusammenarbeit mit weiteren Arbeits-, Interessen- und Themengruppen.<br>&gt;&gt;&gt; <a href=\"https:\/\/gewerbeoberesfricktal.ch\/wp-content\/uploads\/2025\/02\/Themen-und-Interessengruppen-Uebersicht-Initiative-KoKoKo_13-02-25-.pdf\" target=\"_blank\" rel=\"noopener\">zur \u00dcbersicht<\/a> (pdf)<\/p>\n<p>&nbsp;<\/p>\n<p><strong>Mitglieder<\/strong><\/p>\n<p>Der Verein besteht aus Aktiv-, Frei-, Ehren-, Interessen-, Sympathisanten und Passivmitgliedern.<br>\u00dcber 20 Aktivmitglieder aus der Region und der n\u00e4heren und weiteren Umgebung.<\/p>\n<p>&nbsp;<\/p>\n<p><strong>Administration<\/strong><\/p>\n<p>Die Gesch\u00e4ftsstelle, Adminstration und der Betrieb erfolgt durch den Fachkr\u00e4fte- und Expertenpool von:<br>Verein \u00dcberbetriebliche Zusammenarbeit, Verein Kompetenznetzwerk Standortf\u00f6rderung, F\u00f6rdertaler, IG Attraktiver Standort B\u00f6zberg-West.<\/p>\n<p>&nbsp;<\/p>\n<p><strong>Ausgew\u00e4hlte Newsletter \/ Infomails<br><\/strong>Newsletter ist ab 2024 in der Whatsapp &#8211; Gruppe der Aktivmitglieder integriert<strong>.<br><\/strong><\/p>\n<p><a href=\"https:\/\/gewerbeoberesfricktal.ch\/wp-content\/uploads\/2023\/03\/GOF-Mitglieder-Infomail-41_01-03-23.pdf\" target=\"_blank\" rel=\"noopener\">Infomail Nr. 41 vom 01. M\u00e4rz 2023<\/a> (pdf)<br><a href=\"https:\/\/gewerbeoberesfricktal.ch\/wp-content\/uploads\/2023\/01\/Mitgliederinfo-40_05-01-23.pdf\" target=\"_blank\" rel=\"noopener\">Infomail Nr. 40 vom 05. Januar 2023<\/a> (pdf)<br><a href=\"https:\/\/gewerbeoberesfricktal.ch\/wp-content\/uploads\/2022\/12\/Mitgliederinfo-39-GOF_09-12-22.pdf\" target=\"_blank\" rel=\"noopener\">Infomail Nr. 39 vom 09. Dezember 2022<\/a> (pdf)<br><a href=\"https:\/\/gewerbeoberesfricktal.ch\/wp-content\/uploads\/2022\/08\/Infomail38_GOF_26-08-22.pdf\" target=\"_blank\" rel=\"noopener\">Infomail Nr. 38 vom 26. August 2022<\/a> (pdf)<br><a href=\"https:\/\/gewerbeoberesfricktal.ch\/wp-content\/uploads\/2022\/04\/Fuer-myBackoffice-Mitglieder-INFO-Nr.-36-Richpoint-Mittwochtreff-Qualitaetsmanagement-Innovationlunch-17-04-22.pdf\" target=\"_blank\" rel=\"noopener\">Infomail Nr. 36 vom 17. April 2022<\/a> (pdf)<strong><br><\/strong><\/p>\n<p>&nbsp;<\/p>\n<p><strong>Dokucenter: Merk- und Arbeitsbl\u00e4tter, Checklisten<br><\/strong><\/p>\n<p><a href=\"https:\/\/gewerbeoberesfricktal.ch\/wp-content\/uploads\/2024\/05\/Team-Regeln_coach24_Verwendung-mit-Quellenangabe-Feedback_V2_01-01-24.pdf\" target=\"_blank\" rel=\"noopener\">Teamregeln <\/a>(Link zu pdf, zur Anwendung)<\/p>\n<p><a href=\"https:\/\/gewerbeoberesfricktal.ch\/wp-content\/uploads\/2024\/05\/Kooperations-Charta_coach24_Verwendung-mit-Quellenangabe-Feedback_V3_01-01-24.pdf\" target=\"_blank\" rel=\"noopener\">Kooperations &#8211; Charta<\/a> (Link zu pdf, zur Anwendung)<\/p>\n<p><a href=\"https:\/\/gewerbeoberesfricktal.ch\/wp-content\/uploads\/2020\/03\/Merkblatt_Videobotschaften_coach24_Verwendung-mit-Quellenangabe-Feedback_V1_01-03-20.pdf\" target=\"_blank\" rel=\"noopener noreferrer\">Merk- und Arbeitsblatt Videobotschaft<\/a> (pdf)<\/p>\n<p><a href=\"https:\/\/gewerbeoberesfricktal.ch\/wp-content\/uploads\/2019\/01\/Veranstaltungsformen_GvOF_V2_01-01-19.pdf\" target=\"_blank\" rel=\"noopener noreferrer\">\u00dcbersicht Veranstaltungsformen und Kommunikation 27-01-19<\/a> (pdf)<\/p>\n<p>&nbsp;<\/p>\n<p><strong>Dokucenter: Gemeinsame Mitgliederwerbung mit Partnervereinen<\/strong><\/p>\n<p><a href=\"https:\/\/gewerbeoberesfricktal.ch\/wp-content\/uploads\/2024\/04\/Antwortblatt-alle-Vereine_V4_01-01-24.pdf\" target=\"_blank\" rel=\"noopener\">Gemeinsame Mitgliederwerbung Ausschreibung und Antwortblatt<\/a> (pdf)<br><a href=\"https:\/\/gewerbeoberesfricktal.ch\/wp-content\/uploads\/2026\/01\/Kopie-Visitenkarten-Partnerschaftsvereine-u-Initiativen-1-SCAN-09-01-26.pdf\" target=\"_blank\" rel=\"noopener\">\u00dcbersicht Visitenkarten der Partnervereine, Initiativen, Projekte, Partner 2026<\/a> (pdf)<br><a href=\"https:\/\/gewerbeoberesfricktal.ch\/wp-content\/uploads\/2026\/01\/Antwortblatt-alle-Vereine-nur-Sympathisanten-Interessenmitgliedschaft-A4-V4-nur-Seite-1-01-01-24.pdf\" target=\"_blank\" rel=\"noopener\">\u00dcbersicht Kooperierende Vereine<\/a> (pdf)<\/p>\n<p>&nbsp;<\/p>\n<p><strong>Dokucenter: Resultate ausgew\u00e4hlter eigener Umfragen<\/strong><\/p>\n<p><a href=\"https:\/\/gewerbeoberesfricktal.ch\/wp-content\/uploads\/2025\/05\/Umfrage-GOF-Resultate-Rohdaten_logo_13-05-25.pdf\" target=\"_blank\" rel=\"noopener\">Umfrage Nr. 3 Ausblick in die Zukunft 2025<\/a> (pdf)<\/p>\n<p>&nbsp;<\/p>\n<p><strong>Dokucenter: Diverses<\/strong><\/p>\n<p><a href=\"https:\/\/gewerbeoberesfricktal.ch\/wp-content\/uploads\/2024\/12\/Rechnung_Mitgliederbeitrag_GOF_2025.pdf\" target=\"_blank\" rel=\"noopener\">Rechnung Mitgliederbeitrag 2025<\/a> (pdf)<\/p>\n<p><a href=\"https:\/\/gewerbeoberesfricktal.ch\/wp-content\/uploads\/2024\/07\/Rechnung_Mitgliederbeitrag_2024.pdf\" target=\"_blank\" rel=\"noopener\">Rechnung Mitgliederbeitrag 2024<\/a> (pdf)<\/p>\n<p><a href=\"https:\/\/gewerbeoberesfricktal.ch\/wp-content\/uploads\/2022\/12\/Rechnung-Mitgliederbeitrag_2023.pdf\" target=\"_blank\" rel=\"noopener\">Rechnung Mitgliederbeitrag 2023<\/a> (pdf)<\/p>\n<p><a href=\"https:\/\/gewerbeoberesfricktal.ch\/wp-content\/uploads\/2022\/02\/Rechnung_Mitgliederbeitrag_2022.pdf\" target=\"_blank\" rel=\"noopener\">Rechnung Mitgliederbeitrag 2022<\/a> (pdf)<\/p>\n<p><a href=\"https:\/\/gewerbeoberesfricktal.ch\/wp-content\/uploads\/2021\/06\/Rechnung-Mitgliederbeitrag-2021.pdf\" target=\"_blank\" rel=\"noopener\">Rechnung Mitgliederbeitrag 2021<\/a> (pdf)<\/p>\n<p><a href=\"https:\/\/gewerbeoberesfricktal.ch\/wp-content\/uploads\/2019\/12\/Rechnung_Mitgliederbeitrag-GOF_2020.pdf\" target=\"_blank\" rel=\"noopener noreferrer\">Rechnung Mitgliederbeitrag 2020<\/a> (pdf)<\/p>\n<p><a href=\"https:\/\/gewerbeoberesfricktal.ch\/wp-content\/uploads\/2019\/10\/rechnung_mitgliederbeitrag_2019.pdf\" target=\"_blank\" rel=\"noopener noreferrer\">Rechnung Mitgliederbeitrag 2019<\/a> (pdf)<\/p>\n<p><a href=\"https:\/\/gewerbeoberesfricktal.ch\/wp-content\/uploads\/2018\/04\/Einladung_INNOVATION_LUNCH_DSGVO_Do_26-04-18.pdf\" target=\"_blank\" rel=\"noopener noreferrer\">Einladung INNOVATION-LUNCH Datenschutzgrundlagenverordnung DSGVO am 26. April 2018<\/a><\/p>\n<p><a href=\"https:\/\/gewerbeoberesfricktal.ch\/wp-content\/uploads\/2018\/03\/Einladung_AFTERWORK-VISIT-Mi-13-06-18_V2-07-03-18.pdf\" target=\"_blank\" rel=\"noopener noreferrer\">Einladung AFTER WORK VISIT am 13. Juni 2018<\/a><\/p>\n<p><a href=\"https:\/\/gewerbeoberesfricktal.ch\/wp-content\/uploads\/2018\/03\/Einladung_CVP_trifft-lokales-Gewerbe_V1_2018.pdf\" target=\"_blank\" rel=\"noopener noreferrer\">Einladung CVP POLITIK TRIFFT GEWERBE am 4. April 2018<\/a><\/p>\n<p><a href=\"https:\/\/gewerbeoberesfricktal.ch\/wp-content\/uploads\/2018\/03\/Stellungnahme-BFE-GOF-Etappe-2-1_06-03-18.pdf\" target=\"_blank\" rel=\"noopener noreferrer\">Stellungnahme GOF Vernehmlassung Etappe 2 geologisches Tiefenlager 8. M\u00e4rz 2018<\/a><\/p>\n<p><a href=\"https:\/\/gewerbeoberesfricktal.ch\/wp-content\/uploads\/2018\/04\/Jahresprogramm-2018-V3_18-04-18.pdf\" target=\"_blank\" rel=\"noopener noreferrer\">Aktuelles Vereins &#8211; Jahresprogramm (Archiv)<\/a><\/p>\n<p><a href=\"https:\/\/gewerbeoberesfricktal.ch\/wp-content\/uploads\/2018\/04\/Stellungnahme-BFE-GOF-Etappe-2-1_06-03-18.pdf\" target=\"_blank\" rel=\"noopener noreferrer\">Stellungnahme GOF an BFE Sachplan geologischer Tiefenlager Ettappe 2 2018<\/a><\/p>\n<p><a href=\"https:\/\/gewerbeoberesfricktal.ch\/wp-content\/uploads\/2020\/02\/StatutenGOF_V5_22-02-18.pdf\" target=\"_blank\" rel=\"noopener noreferrer\">Statuten GOF 2018<\/a><\/p>\n<p><a href=\"https:\/\/gewerbeoberesfricktal.ch\/wp-content\/uploads\/2018\/03\/sicht_gewerbe_15-11-16.pdf\" target=\"_blank\" rel=\"noopener noreferrer\">Sicht des Gewerbes GOF 2016\/2017<\/a><\/p>\n<p><a href=\"https:\/\/gewerbeoberesfricktal.ch\/wp-content\/uploads\/2018\/03\/Text-Miteilungsblatt-Medien-GvOF-V1-17-02-17.pdf\" target=\"_blank\" rel=\"noopener noreferrer\">Text Medien und Mitteilungsblatt 17-02-17<\/a><\/p>\n<p><a href=\"https:\/\/gewerbeoberesfricktal.ch\/wp-content\/uploads\/2018\/03\/kopie_Projektskizze-Gewerbegebiet-BoezbergWest-V2_12-05-15.pdf\" target=\"_blank\" rel=\"noopener noreferrer\">Kopie Projektskizze Gewerbegebiet B\u00f6zberg-West 12-05-15<\/a><\/p>\n<p>&nbsp;<\/p>\n<p><strong>Aus- und Weiterbildungsangebot mit Terminen im 2025<\/strong><\/p>\n<p>Zusammen mit Mitgliedern und Partnervereinen erstellt:&nbsp; &gt;&gt;&gt; <a href=\"https:\/\/gewerbeoberesfricktal.ch\/wp-content\/uploads\/2024\/12\/Kurse_2025_Uebersicht_kokoko-C24_12-12-24.pdf\" target=\"_blank\" rel=\"noopener\">Programm \u00dcbersicht, Inhalte 2025<\/a> (pdf)<\/p>\n<p>&nbsp;<\/p>\n<p><strong>Links<\/strong><\/p>\n<p>Der B\u00f6zbergblog:<br><a href=\"http:\/\/www.boezbergblog.ch\" target=\"_blank\" rel=\"noopener noreferrer\">www.boezbergblog.ch<\/a><\/p>\n<p><a href=\"http:\/\/www.ueberbetrieblichezusammenarbeit.ch\" target=\"_blank\" rel=\"noopener noreferrer\">Verein \u00dcberbetriebliche Zusammenarbeit<\/a><\/p>\n<p><a href=\"http:\/\/www.knsf.ch\" target=\"_blank\" rel=\"noopener noreferrer\">Verein Kompetenz Netzwerk Standortf\u00f6rderung<\/a><\/p>\n<p><a href=\"http:\/\/www.boezberg-west.ch\" target=\"_blank\" rel=\"noopener noreferrer\">IG Attraktiver Standort B\u00f6zberg-West<\/a><\/p>\n<p><a href=\"http:\/\/www.coach24.ch\" target=\"_blank\" rel=\"noopener noreferrer\">Aktuelles Wissen und K\u00f6nnen coach24<\/a><\/p>\n<p><a href=\"http:\/\/www.kokoko.ch\" target=\"_blank\" rel=\"noopener noreferrer\">Initiative Kommunikation &#8211; Koordination &#8211; Kooperation<\/a> (Initiative KoKoKo)<\/p>\n<p><a href=\"https:\/\/www.regemo.jimdofree.com\" target=\"_blank\" rel=\"noopener\">Verein f\u00fcr Respekt, Wertsch\u00e4tzung und Gesundheitsf\u00f6rderung ReGeMo<\/a><\/p>\n<p>&nbsp;<\/p>\n<p><strong>\u00d6ffentliche Ausschreibungen<\/strong><\/p>\n<p><a href=\"http:\/\/www.simap.ch\" target=\"_blank\" rel=\"noopener noreferrer\">Informationssystem \u00fcber das \u00f6ffentliche Beschaffungswesen in de Schweiz<\/a><\/p>\n<p>&nbsp;<\/p>\n<p><strong>Logo<\/strong><\/p>\n<p><a href=\"https:\/\/gewerbeoberesfricktal.ch\/wp-content\/uploads\/2018\/04\/GOF_Wortmarke-DEF_positiv-gruen-anthrazit_ausschnitt.jpg\">Das Logo (jpg)<\/a><\/p>\n<p>&nbsp;<\/p>\n<p><strong>Studien und interessante Artikel aus den Medien<\/strong><\/p>\n<p>Studie: Wo steht der Schweizer Mittelstand? Selbsteinsch\u00e4tzung und Perspektiven (Mitwirkung GOF)<br>&gt;&gt;&gt; <a href=\"https:\/\/gewerbeoberesfricktal.ch\/wp-content\/uploads\/2024\/12\/KMU_Mittelstandstudie_2024_DE.pdf\" target=\"_blank\" rel=\"noopener\">zur KMU Mittelstandsstudie<\/a> (pdf)<\/p>\n<p>Artikel TopSoft \/ <a href=\"https:\/\/gewerbeoberesfricktal.ch\/wp-content\/uploads\/2019\/12\/Arbeitswelt_4-0_ohne-Mitarbeitende_TopSoft-Mag_12-19.pdf\" target=\"_blank\" rel=\"noopener noreferrer\">neue Studie zur Arbeitswelt 4.0<\/a>: Transformationen finden ohne die Mitarbeitenden statt (pdf) 25-12-19<\/p>\n<p><a href=\"https:\/\/copool.ch\/assets\/files\/Whitepaper_Engagement_V4_01-01-22.pdf\" target=\"_blank\" rel=\"noopener\">Whitepaper mit Bezug zu Arbeitswelt 4.0: Statt \u201eArbeit\u201c entsteht ENGAGEMENT (\u201eEngagement 1.0\u201c)<\/a> (pdf) als individueller Beitrag und Wert f\u00fcr die Gemeinschaft. Die Besch\u00e4ftigung mit sinnvollen T\u00e4tigkeiten sollen dem Talent und der Pr\u00e4gung des Individuums entsprechen und der Gemeinschaft dienen.<br>ISBN 978-3-906074-70-2<\/p>\n\n\n<p><\/p>\n\n\n\n<p><strong>Spezielle GOF &#8211; Anl\u00e4sse<\/strong>&#8230;<\/p>\n\n\n\n<p>Innovation Breakfast (mit Mikro-Workshop) (1 Stunde ++) (07.00 &#8211; 08.00h)<\/p>\n\n\n\n<p>Innovation &#8211; Zn\u00fcni &#8211; Break (mit Mikro\/Miniworkshop) (1 Std.) (09.00 &#8211; 10.00h)<\/p>\n\n\n\n<p>Innovation-Lunch (mit Mikro\/Miniworkshop) (1 Std.) (12.00 &#8211; 13.00h)<\/p>\n\n\n\n<p>Mikro-Workshop (30 Min.)<\/p>\n\n\n\n<p>Miniworkshop (1-2 Std.)<\/p>\n\n\n\n<p>1\/2 Tag Workshop (4 Std.)<\/p>\n\n\n\n<p><\/p>\n\n\n\n<p><br><strong>&#8230; mit diesen Themen <\/strong><\/p>\n\n\n\n<p>Akquisition Auftr\u00e4ge und Marketing<\/p>\n\n\n\n<p>Sichere Stromversorgung f\u00fcr PC\/Elektronik \u2013 \u00dcberblick und M\u00f6glichkeiten.<\/p>\n\n\n\n<p>Datenschutz, insbesondere auch die Datensicherung<\/p>\n\n\n\n<p>e-Meeting \/ Webcast organisieren und durchf\u00fchren<\/p>\n\n\n\n<p>Video &#8211; Botschaft erstellen<\/p>\n\n\n\n<p>Podcast machen<\/p>\n\n\n\n<p>M\u00f6glichkeiten KnowHow im Internet vermarkten<\/p>\n\n\n\n<p>Massnahmen und L\u00f6sungen zur zunehmenden Benachteiligung und Ausgrenzung der Mikro-und Kleinstunternehmungen, Selbst\u00e4ndigen und Teilzeitjober\u2026<\/p>\n\n\n\n<p>Tools und Organisation<\/p>\n\n\n\n<p>Wir machen ein Whitepaper<\/p>\n\n\n\n<p>Mein Gesch\u00e4ftsmodell an die neue Situation anpassen<\/p>\n\n\n\n<p>Meine Karriere Entwicklung im aktuellen Umfeld<\/p>\n\n\n\n<p>Aktiv Networken<\/p>\n\n\n\n<p>Umgang mit Einw\u00e4nden<\/p>\n\n\n\n<p>Ist Standortf\u00f6rderung ein Papiertiger?<\/p>\n\n\n\n<p>\u00dcbersicht und Umsetzung Digitalisierung, e-Automation im Kleinstbetrieb<\/p>\n\n\n\n<p>Einf\u00fchrung ins Qualit\u00e4tsmanagement QM<\/p>\n\n\n\n<p>Digitalisierung 2.0: Show oder Chance?<\/p>\n\n\n\n<p>Markt-Marke-Motivation<\/p>\n\n\n\n<p>DSGVO<\/p>\n\n\n\n<p>Wir starten einen e-Shop<\/p>\n\n\n\n<p>Wertsch\u00e4tzend kommunizieren, handeln und f\u00fchren<\/p>\n\n\n\n<p>Neue Vertriebswege<\/p>\n\n\n\n<p>Digitales Marketing &#8211; wie&#8217;s wirklich funktioniert<\/p>\n\n\n\n<p><\/p>\n\n\n\n<p><br><strong>Aktuelles Wissen und K\u00f6nnen 2025<\/strong><\/p>\n\n\n\n<p>Aus- und Weiterbildungen nach unserem Bedarf mit unseren Mitglieder, Partnervereinen und weiteren Klein- und Kleinstunternehmungen zusammengestellt (Initiative www.kokoko.ch), mit 24 fixen Durchf\u00fchrungsdaten 2024. Nach Bedarf als Micro-, Mini-, Halbtages- oder Ganztagesworkshops oder als Coaching. Kleingruppen f\u00fcr maximalen Praxistransfer. Durchf\u00fchrung ab 2 Teilnehmenden. Ausschreibung auch im <a href=\"https:\/\/bildungspool.ch\" target=\"_blank\" rel=\"noreferrer noopener\">www.Bildungspool.ch<\/a>. <\/p>\n\n\n\n<p>Die Ausschreibung (pdf) <a href=\"https:\/\/gewerbeoberesfricktal.ch\/wp-content\/uploads\/2024\/12\/Kurse_2025_Uebersicht_kokoko-C24_12-12-24.pdf\" target=\"_blank\" rel=\"noreferrer noopener\">&gt;&gt;&gt; herunterladen \/ ansehen<\/a><\/p>\n\n\n\n<p>Stand: 15. April 2025<\/p>\n\n\n\n<p><\/p>\n","protected":false},"excerpt":{"rendered":"<p>Vereinsziele Der Verein bezweckt den Zusammenschluss der regionalen Handwerker-, Handels-, Dienstleistungs- und Gewerbetriebe, Selbst\u00e4ndig Erwerbende, Freelancer und andere Formen einer Erwerbst\u00e4tigkeit (siehe Startseite Homepage) zu gemeinsamer Wahrung und F\u00f6rderung deren Interessen gegen\u00fcber \u00f6ffentlichen Organisationen, NGO&#8217;s, Verwaltungen, Paraverwaltung und Privaten, Interessengruppen,&hellip; <\/p>\n","protected":false},"author":2,"featured_media":0,"parent":0,"menu_order":0,"comment_status":"closed","ping_status":"closed","template":"","meta":{"ngg_post_thumbnail":0,"footnotes":""},"class_list":["post-303","page","type-page","status-publish","hentry"],"yoast_head":"<!-- This site is optimized with the Yoast SEO plugin v27.5 - https:\/\/yoast.com\/product\/yoast-seo-wordpress\/ -->\n<title>Info - Gewerbeverein Oberes Fricktal<\/title>\n<meta name=\"description\" content=\"Der Verein hat Funktionen wie Thinktank, Ideenb\u00f6rse, Impulsgeber, Wissens- \/ Informationsplattform. Er f\u00f6rdert Kommunikation, Koordination, Kooperation und den Standort.\" \/>\n<meta name=\"robots\" content=\"index, follow, max-snippet:-1, max-image-preview:large, max-video-preview:-1\" \/>\n<link rel=\"canonical\" href=\"https:\/\/gewerbeoberesfricktal.ch\/index.php\/info\/\" \/>\n<meta property=\"og:locale\" content=\"de_DE\" \/>\n<meta property=\"og:type\" content=\"article\" \/>\n<meta property=\"og:title\" content=\"Info - Gewerbeverein Oberes Fricktal\" \/>\n<meta property=\"og:description\" content=\"Der Verein hat Funktionen wie Thinktank, Ideenb\u00f6rse, Impulsgeber, Wissens- \/ Informationsplattform. Er f\u00f6rdert Kommunikation, Koordination, Kooperation und den Standort.\" \/>\n<meta property=\"og:url\" content=\"https:\/\/gewerbeoberesfricktal.ch\/index.php\/info\/\" \/>\n<meta property=\"og:site_name\" content=\"Gewerbeverein Oberes Fricktal\" \/>\n<meta property=\"article:publisher\" content=\"https:\/\/facebook.com\/gewerbe-oberes-fricktal\" \/>\n<meta property=\"article:modified_time\" content=\"2026-01-10T12:35:32+00:00\" \/>\n<meta name=\"twitter:card\" content=\"summary_large_image\" \/>\n<meta name=\"twitter:label1\" content=\"Gesch\u00e4tzte Lesezeit\" \/>\n\t<meta name=\"twitter:data1\" content=\"5\u00a0Minuten\" \/>\n<script type=\"application\/ld+json\" class=\"yoast-schema-graph\">{\"@context\":\"https:\\\/\\\/schema.org\",\"@graph\":[{\"@type\":\"WebPage\",\"@id\":\"https:\\\/\\\/gewerbeoberesfricktal.ch\\\/index.php\\\/info\\\/\",\"url\":\"https:\\\/\\\/gewerbeoberesfricktal.ch\\\/index.php\\\/info\\\/\",\"name\":\"Info - Gewerbeverein Oberes Fricktal\",\"isPartOf\":{\"@id\":\"https:\\\/\\\/gewerbeoberesfricktal.ch\\\/#website\"},\"datePublished\":\"2018-03-12T16:42:50+00:00\",\"dateModified\":\"2026-01-10T12:35:32+00:00\",\"description\":\"Der Verein hat Funktionen wie Thinktank, Ideenb\u00f6rse, Impulsgeber, Wissens- \\\/ Informationsplattform. Er f\u00f6rdert Kommunikation, Koordination, Kooperation und den Standort.\",\"breadcrumb\":{\"@id\":\"https:\\\/\\\/gewerbeoberesfricktal.ch\\\/index.php\\\/info\\\/#breadcrumb\"},\"inLanguage\":\"de-CH\",\"potentialAction\":[{\"@type\":\"ReadAction\",\"target\":[\"https:\\\/\\\/gewerbeoberesfricktal.ch\\\/index.php\\\/info\\\/\"]}]},{\"@type\":\"BreadcrumbList\",\"@id\":\"https:\\\/\\\/gewerbeoberesfricktal.ch\\\/index.php\\\/info\\\/#breadcrumb\",\"itemListElement\":[{\"@type\":\"ListItem\",\"position\":1,\"name\":\"Startseite\",\"item\":\"https:\\\/\\\/gewerbeoberesfricktal.ch\\\/\"},{\"@type\":\"ListItem\",\"position\":2,\"name\":\"Info\"}]},{\"@type\":\"WebSite\",\"@id\":\"https:\\\/\\\/gewerbeoberesfricktal.ch\\\/#website\",\"url\":\"https:\\\/\\\/gewerbeoberesfricktal.ch\\\/\",\"name\":\"Gewerbeverein Oberes Fricktal\",\"description\":\"Ein starkes Gewerbe braucht die Region.\",\"publisher\":{\"@id\":\"https:\\\/\\\/gewerbeoberesfricktal.ch\\\/#organization\"},\"potentialAction\":[{\"@type\":\"SearchAction\",\"target\":{\"@type\":\"EntryPoint\",\"urlTemplate\":\"https:\\\/\\\/gewerbeoberesfricktal.ch\\\/?s={search_term_string}\"},\"query-input\":{\"@type\":\"PropertyValueSpecification\",\"valueRequired\":true,\"valueName\":\"search_term_string\"}}],\"inLanguage\":\"de-CH\"},{\"@type\":\"Organization\",\"@id\":\"https:\\\/\\\/gewerbeoberesfricktal.ch\\\/#organization\",\"name\":\"Gewerbeverein Oberes Fricktal\",\"url\":\"https:\\\/\\\/gewerbeoberesfricktal.ch\\\/\",\"logo\":{\"@type\":\"ImageObject\",\"inLanguage\":\"de-CH\",\"@id\":\"https:\\\/\\\/gewerbeoberesfricktal.ch\\\/#\\\/schema\\\/logo\\\/image\\\/\",\"url\":\"https:\\\/\\\/gewerbeoberesfricktal.ch\\\/wp-content\\\/uploads\\\/2018\\\/04\\\/GOF_Wortmarke-DEF_positiv-gruen-anthrazit_ausschnitt.jpg\",\"contentUrl\":\"https:\\\/\\\/gewerbeoberesfricktal.ch\\\/wp-content\\\/uploads\\\/2018\\\/04\\\/GOF_Wortmarke-DEF_positiv-gruen-anthrazit_ausschnitt.jpg\",\"width\":1214,\"height\":498,\"caption\":\"Gewerbeverein Oberes Fricktal\"},\"image\":{\"@id\":\"https:\\\/\\\/gewerbeoberesfricktal.ch\\\/#\\\/schema\\\/logo\\\/image\\\/\"},\"sameAs\":[\"https:\\\/\\\/facebook.com\\\/gewerbe-oberes-fricktal\"]}]}<\/script>\n<!-- \/ Yoast SEO plugin. -->","yoast_head_json":{"title":"Info - Gewerbeverein Oberes Fricktal","description":"Der Verein hat Funktionen wie Thinktank, Ideenb\u00f6rse, Impulsgeber, Wissens- \/ Informationsplattform. Er f\u00f6rdert Kommunikation, Koordination, Kooperation und den Standort.","robots":{"index":"index","follow":"follow","max-snippet":"max-snippet:-1","max-image-preview":"max-image-preview:large","max-video-preview":"max-video-preview:-1"},"canonical":"https:\/\/gewerbeoberesfricktal.ch\/index.php\/info\/","og_locale":"de_DE","og_type":"article","og_title":"Info - Gewerbeverein Oberes Fricktal","og_description":"Der Verein hat Funktionen wie Thinktank, Ideenb\u00f6rse, Impulsgeber, Wissens- \/ Informationsplattform. Er f\u00f6rdert Kommunikation, Koordination, Kooperation und den Standort.","og_url":"https:\/\/gewerbeoberesfricktal.ch\/index.php\/info\/","og_site_name":"Gewerbeverein Oberes Fricktal","article_publisher":"https:\/\/facebook.com\/gewerbe-oberes-fricktal","article_modified_time":"2026-01-10T12:35:32+00:00","twitter_card":"summary_large_image","twitter_misc":{"Gesch\u00e4tzte Lesezeit":"5\u00a0Minuten"},"schema":{"@context":"https:\/\/schema.org","@graph":[{"@type":"WebPage","@id":"https:\/\/gewerbeoberesfricktal.ch\/index.php\/info\/","url":"https:\/\/gewerbeoberesfricktal.ch\/index.php\/info\/","name":"Info - Gewerbeverein Oberes Fricktal","isPartOf":{"@id":"https:\/\/gewerbeoberesfricktal.ch\/#website"},"datePublished":"2018-03-12T16:42:50+00:00","dateModified":"2026-01-10T12:35:32+00:00","description":"Der Verein hat Funktionen wie Thinktank, Ideenb\u00f6rse, Impulsgeber, Wissens- \/ Informationsplattform. Er f\u00f6rdert Kommunikation, Koordination, Kooperation und den Standort.","breadcrumb":{"@id":"https:\/\/gewerbeoberesfricktal.ch\/index.php\/info\/#breadcrumb"},"inLanguage":"de-CH","potentialAction":[{"@type":"ReadAction","target":["https:\/\/gewerbeoberesfricktal.ch\/index.php\/info\/"]}]},{"@type":"BreadcrumbList","@id":"https:\/\/gewerbeoberesfricktal.ch\/index.php\/info\/#breadcrumb","itemListElement":[{"@type":"ListItem","position":1,"name":"Startseite","item":"https:\/\/gewerbeoberesfricktal.ch\/"},{"@type":"ListItem","position":2,"name":"Info"}]},{"@type":"WebSite","@id":"https:\/\/gewerbeoberesfricktal.ch\/#website","url":"https:\/\/gewerbeoberesfricktal.ch\/","name":"Gewerbeverein Oberes Fricktal","description":"Ein starkes Gewerbe braucht die Region.","publisher":{"@id":"https:\/\/gewerbeoberesfricktal.ch\/#organization"},"potentialAction":[{"@type":"SearchAction","target":{"@type":"EntryPoint","urlTemplate":"https:\/\/gewerbeoberesfricktal.ch\/?s={search_term_string}"},"query-input":{"@type":"PropertyValueSpecification","valueRequired":true,"valueName":"search_term_string"}}],"inLanguage":"de-CH"},{"@type":"Organization","@id":"https:\/\/gewerbeoberesfricktal.ch\/#organization","name":"Gewerbeverein Oberes Fricktal","url":"https:\/\/gewerbeoberesfricktal.ch\/","logo":{"@type":"ImageObject","inLanguage":"de-CH","@id":"https:\/\/gewerbeoberesfricktal.ch\/#\/schema\/logo\/image\/","url":"https:\/\/gewerbeoberesfricktal.ch\/wp-content\/uploads\/2018\/04\/GOF_Wortmarke-DEF_positiv-gruen-anthrazit_ausschnitt.jpg","contentUrl":"https:\/\/gewerbeoberesfricktal.ch\/wp-content\/uploads\/2018\/04\/GOF_Wortmarke-DEF_positiv-gruen-anthrazit_ausschnitt.jpg","width":1214,"height":498,"caption":"Gewerbeverein Oberes Fricktal"},"image":{"@id":"https:\/\/gewerbeoberesfricktal.ch\/#\/schema\/logo\/image\/"},"sameAs":["https:\/\/facebook.com\/gewerbe-oberes-fricktal"]}]}},"_links":{"self":[{"href":"https:\/\/gewerbeoberesfricktal.ch\/index.php\/wp-json\/wp\/v2\/pages\/303","targetHints":{"allow":["GET"]}}],"collection":[{"href":"https:\/\/gewerbeoberesfricktal.ch\/index.php\/wp-json\/wp\/v2\/pages"}],"about":[{"href":"https:\/\/gewerbeoberesfricktal.ch\/index.php\/wp-json\/wp\/v2\/types\/page"}],"author":[{"embeddable":true,"href":"https:\/\/gewerbeoberesfricktal.ch\/index.php\/wp-json\/wp\/v2\/users\/2"}],"replies":[{"embeddable":true,"href":"https:\/\/gewerbeoberesfricktal.ch\/index.php\/wp-json\/wp\/v2\/comments?post=303"}],"version-history":[{"count":109,"href":"https:\/\/gewerbeoberesfricktal.ch\/index.php\/wp-json\/wp\/v2\/pages\/303\/revisions"}],"predecessor-version":[{"id":1992,"href":"https:\/\/gewerbeoberesfricktal.ch\/index.php\/wp-json\/wp\/v2\/pages\/303\/revisions\/1992"}],"wp:attachment":[{"href":"https:\/\/gewerbeoberesfricktal.ch\/index.php\/wp-json\/wp\/v2\/media?parent=303"}],"curies":[{"name":"wp","href":"https:\/\/api.w.org\/{rel}","templated":true}]}}