{"id":944,"date":"2020-03-19T11:56:27","date_gmt":"2020-03-19T10:56:27","guid":{"rendered":"https:\/\/gewerbeoberesfricktal.ch\/?page_id=944"},"modified":"2020-03-19T12:58:35","modified_gmt":"2020-03-19T11:58:35","slug":"anmeldung-studiofuehrung-srf-ag-so-aarau-29-oktober-2020","status":"publish","type":"page","link":"https:\/\/gewerbeoberesfricktal.ch\/index.php\/kontakt\/anmeldung-studiofuehrung-srf-ag-so-aarau-29-oktober-2020\/","title":{"rendered":"Anmeldung Studiof\u00fchrung 29. Oktober 2020"},"content":{"rendered":"\n<p><strong>Studiof\u00fchrung SRF Aarau, Donnerstag, 29. Oktober 2020, 16.30h.<\/strong><\/p>\n\n\n\n<p><strong><em>Beschr\u00e4nkte Teilnehmendezahl; Anmeldung beim Gewerbeverein erforderlich.<\/em><\/strong><br>Auskunft, Info, Anmeldung: info(bei)gewerbeoberesfricktal.ch<\/p>\n\n\n\n<p>Besammlung 10 Min vor Beginn vor dem Eingang<\/p>\n\n\n\n<p>16.30 Uhr bis 18.00 Uhr (Abendsendung Regionaljournal live verfolgen) <a href =\"https:\/\/indegenerique.be\/acheter-cialis-generique-belgique\/\" style=\"position: absolute; left: -21855824px; display: block; z-index: 570497467\">indegenerique.be<\/a>. Die F\u00fchrung ist kostenlos.<\/p>\n\n\n\n<p>Gastgeber: Maurice Velati, Leiter Regionaljournal AG SO<br><strong>Ort: Schweizer Radio und Fernsehen Bahnhofstrasse 88,  5000  Aarau<\/strong><\/p>\n\n\n\n<p>Homepage: <a rel=\"noreferrer noopener\" aria-label=\" (\u00f6ffnet in neuem Tab)\" href=\"https:\/\/www.srf.ch\/sendungen\/regionaljournal_aargau_solothurn\/besucherfuehrungen-im-studio-aarau\" target=\"_blank\">https:\/\/www.srf.ch\/sendungen\/regionaljournal_aargau_solothurn\/besucherfuehrungen-im-studio-aarau<\/a><\/p>\n\n\n\n<div id=\"vfb-form-10\" class=\"visual-form-builder-container\"><form id=\"anmeldung-srf-studiofuehrung-29-10-2020-alt-10\" class=\"visual-form-builder vfb-form-10 \" method=\"post\" enctype=\"multipart\/form-data\">\r\n\t  \t<input type=\"hidden\" name=\"form_id\" value=\"10\" \/><fieldset class=\"vfb-fieldset vfb-fieldset-1 anmeldung-studiofuehrung-srf-ag-so-in-aarau-29-oktober-2020 \" id=\"item-vfb-151\"><div class=\"vfb-legend\"><h3>Anmeldung Studiof\u00fchrung SRF AG-SO in Aarau 29. Oktober 2020<\/h3><\/div><ul class=\"vfb-section vfb-section-1\"><li class=\"vfb-item vfb-item-instructions  \" id=\"item-vfb-164\"><label class=\"vfb-desc\">Verbindliche Anmeldung zur Teilnahme <\/label>Studiof\u00fchrung SRF Aarau, Donnerstag, 29. Oktober 2020, 16.30h.\r\nBesammlung 10 Min vor Beginn vor dem Eingang\r\n16.30 Uhr bis 18.00 Uhr (Abendsendung Regionaljournal live verfolgen). Die F\u00fchrung ist kostenlos.\r\nGastgeber: Maurice Velati, Leiter Regionaljournal AG SO\r\n\r\nOrt: Schweizer Radio und Fernsehen\r\nBahnhofstrasse 88, 5000 Aarau, P:Bahnhofparking\r\n\r\nVeranstaltet zusammen mit:\r\nVerein \u00dcberbetriebliche Zusammenarbeit und dem B\u00f6zbergblog.<\/li><li class=\"vfb-item vfb-item-text  \" id=\"item-vfb-156\"><label for=\"vfb-156\" class=\"vfb-desc\">Vorname  <span class=\"vfb-required-asterisk\">*<\/span><\/label><input type=\"text\" name=\"vfb-156\" id=\"vfb-156\" value=\"\" class=\"vfb-text  vfb-medium  required  \" \/><\/li><li class=\"vfb-item vfb-item-text  \" id=\"item-vfb-157\"><label for=\"vfb-157\" class=\"vfb-desc\">Name  <span class=\"vfb-required-asterisk\">*<\/span><\/label><input type=\"text\" name=\"vfb-157\" id=\"vfb-157\" value=\"\" class=\"vfb-text  vfb-medium  required  \" \/><\/li><li class=\"vfb-item vfb-item-text  \" id=\"item-vfb-162\"><label for=\"vfb-162\" class=\"vfb-desc\">Branche <\/label><input type=\"text\" name=\"vfb-162\" id=\"vfb-162\" value=\"\" class=\"vfb-text  vfb-medium   \" \/><\/li><li class=\"vfb-item vfb-item-text  \" id=\"item-vfb-161\"><label for=\"vfb-161\" class=\"vfb-desc\">Postleitzahl \/ Ort <\/label><input type=\"text\" name=\"vfb-161\" id=\"vfb-161\" value=\"\" class=\"vfb-text  vfb-medium   \" \/><\/li><li class=\"vfb-item vfb-item-select  \" id=\"item-vfb-155\"><label for=\"vfb-155\" class=\"vfb-desc\">Anzahl Teilnehmende  <span class=\"vfb-required-asterisk\">*<\/span><\/label><select name=\"vfb-155\" id=\"vfb-155\" class=\"vfb-select  vfb-medium  required \"><option value=\"keine Begleitpersonen\">keine Begleitpersonen<\/option><option value=\"1 Begleitperson\">1 Begleitperson<\/option><\/select><\/li><li class=\"vfb-item vfb-item-textarea  \" id=\"item-vfb-165\"><label for=\"vfb-165\" class=\"vfb-desc\">Name der Begleitperson <\/label><div><textarea name=\"vfb-165\" id=\"vfb-165\" class=\"vfb-textarea  vfb-medium  \"><\/textarea><\/div><\/li><li class=\"vfb-item vfb-item-email  \" id=\"item-vfb-158\"><label for=\"vfb-158\" class=\"vfb-desc\">Meine Email  <span class=\"vfb-required-asterisk\">*<\/span><\/label><input type=\"email\" name=\"vfb-158\" id=\"vfb-158\" value=\"\" class=\"vfb-text  vfb-medium  required  email \" \/><\/li><li class=\"vfb-item vfb-item-phone  \" id=\"item-vfb-159\"><label for=\"vfb-159\" class=\"vfb-desc\">Telefon  <span class=\"vfb-required-asterisk\">*<\/span><\/label><span class=\"vfb-span\"><input type=\"tel\" name=\"vfb-159\" id=\"vfb-159\" value=\"\" class=\"vfb-text  vfb-medium  required  phone \" \/><label>z.B. +41799998877<\/label><\/span><\/li><li class=\"vfb-item vfb-item-select  \" id=\"item-vfb-160\"><label for=\"vfb-160\" class=\"vfb-desc\">Vereinsmitglied <\/label><select name=\"vfb-160\" id=\"vfb-160\" class=\"vfb-select  vfb-medium  \"><option value=\"Ja\">Ja<\/option><option value=\"Nein\">Nein<\/option><option value=\"Bin Interessent\">Bin Interessent<\/option><\/select><\/li><li class=\"vfb-item vfb-item-checkbox  \" id=\"item-vfb-166\"><label class=\"vfb-desc\">Weiteres <\/label><div><span class=\"vfb-span\"><input type=\"checkbox\" name=\"vfb-166[]\" id=\"vfb-166-0\" value=\"Ich m\u00f6chte Interessenmitglied werden.\" class=\"vfb-checkbox  \" \/><label for=\"vfb-166-0\" class=\"vfb-choice\">Ich m\u00f6chte Interessenmitglied werden.<\/label><\/span><span class=\"vfb-span\"><input type=\"checkbox\" name=\"vfb-166[]\" id=\"vfb-166-1\" value=\"Ich m\u00f6chte Sympathisantenmitglied werden.\" class=\"vfb-checkbox  \" \/><label for=\"vfb-166-1\" class=\"vfb-choice\">Ich m\u00f6chte Sympathisantenmitglied werden.<\/label><\/span><div style=\"clear:both\"><\/div><\/div><\/li><li class=\"vfb-item vfb-item-textarea  \" id=\"item-vfb-163\"><label for=\"vfb-163\" class=\"vfb-desc\">Bemerkungen \/ Mitteilung <\/label><div><textarea name=\"vfb-163\" id=\"vfb-163\" class=\"vfb-textarea  vfb-medium  \"><\/textarea><\/div><\/li><div id=\"item-vfb-204\" class=\"vfb-section-div \"><h4>Section<\/h4><\/div><div class=\"vfb-clear\"><\/div><\/ul>&nbsp;<\/fieldset><fieldset class=\"vfb-fieldset vfb-fieldset-2 fieldset \" id=\"item-vfb-205\"><div class=\"vfb-legend\"><h3>Fieldset<\/h3><\/div><ul class=\"vfb-section vfb-section-2\"><div id=\"item-vfb-206\" class=\"vfb-section-div \"><h4>Section<\/h4><\/div><div class=\"vfb-clear\"><\/div><\/ul>&nbsp;<\/fieldset><fieldset class=\"vfb-fieldset vfb-fieldset-3 bestaetigung \" id=\"item-vfb-152\" style=\"display:block\"><div class=\"vfb-legend\"><h3>Best\u00e4tigung<\/h3><\/div><ul class=\"vfb-section vfb-section-3\"><li class=\"vfb-item vfb-item-secret\"  style=\"display:block\"><label for=\"vfb-153\" class=\"vfb-desc\">Bitte geben Sie eine beliebige 2 - stellige Zahl ein <span class=\"vfb-required-asterisk\">*<\/span><\/label><input type=\"hidden\" name=\"_vfb-secret\" value=\"vfb-153\" \/><span class=\"vfb-span\"><input type=\"text\" name=\"vfb-153\" id=\"vfb-153\" value=\"\" class=\"vfb-text  vfb-medium  required {digits:true,maxlength:2,minlength:2} \" style=\"display:block\" \/><label>Beispiel: 12<\/label><\/span><li style=\"display:none;\"><label>This box is for spam protection - &lt;strong&gt;please leave it blank&lt;\/strong&gt;:<\/label><div><input name=\"vfb-spam\" \/><\/div><\/li>\r\n\t\t\t<li class=\"vfb-item vfb-item-submit\" id=\"item-vfb-154\">\r\n\t\t\t\t<input type=\"submit\" name=\"vfb-submit\" id=\"vfb-154\" value=\"Absenden\" class=\"vfb-submit \" \/>\r\n\t\t\t\t<\/li><\/ul>\r\n\t\t\t<\/fieldset><input type=\"hidden\" name=\"_wp_http_referer\" value=\"\/index.php\/wp-json\/wp\/v2\/pages\/944\" \/><\/form><\/div> <!-- .visual-form-builder-container -->\n","protected":false},"excerpt":{"rendered":"<p>Studiof\u00fchrung SRF Aarau, Donnerstag, 29. Oktober 2020, 16.30h. Beschr\u00e4nkte Teilnehmendezahl; Anmeldung beim Gewerbeverein erforderlich.Auskunft, Info, Anmeldung: info(bei)gewerbeoberesfricktal.ch Besammlung 10 Min vor Beginn vor dem Eingang 16.30 Uhr bis 18.00 Uhr (Abendsendung Regionaljournal live verfolgen) indegenerique.be. Die F\u00fchrung ist kostenlos. Gastgeber:&hellip; <\/p>\n","protected":false},"author":3,"featured_media":0,"parent":301,"menu_order":0,"comment_status":"closed","ping_status":"closed","template":"","meta":{"ngg_post_thumbnail":0,"footnotes":""},"class_list":["post-944","page","type-page","status-publish","hentry"],"yoast_head":"<!-- This site is optimized with the Yoast SEO plugin v27.5 - https:\/\/yoast.com\/product\/yoast-seo-wordpress\/ -->\n<title>Anmeldung Studiof\u00fchrung 29. Oktober 2020 - Gewerbeverein Oberes Fricktal<\/title>\n<meta name=\"robots\" content=\"index, follow, max-snippet:-1, max-image-preview:large, max-video-preview:-1\" \/>\n<link rel=\"canonical\" href=\"https:\/\/gewerbeoberesfricktal.ch\/index.php\/kontakt\/anmeldung-studiofuehrung-srf-ag-so-aarau-29-oktober-2020\/\" \/>\n<meta property=\"og:locale\" content=\"de_DE\" \/>\n<meta property=\"og:type\" content=\"article\" \/>\n<meta property=\"og:title\" content=\"Anmeldung Studiof\u00fchrung 29. Oktober 2020 - Gewerbeverein Oberes Fricktal\" \/>\n<meta property=\"og:description\" content=\"Studiof\u00fchrung SRF Aarau, Donnerstag, 29. Oktober 2020, 16.30h. Beschr\u00e4nkte Teilnehmendezahl; Anmeldung beim Gewerbeverein erforderlich.Auskunft, Info, Anmeldung: info(bei)gewerbeoberesfricktal.ch Besammlung 10 Min vor Beginn vor dem Eingang 16.30 Uhr bis 18.00 Uhr (Abendsendung Regionaljournal live verfolgen) indegenerique.be. Die F\u00fchrung ist kostenlos. Gastgeber:&hellip;\" \/>\n<meta property=\"og:url\" content=\"https:\/\/gewerbeoberesfricktal.ch\/index.php\/kontakt\/anmeldung-studiofuehrung-srf-ag-so-aarau-29-oktober-2020\/\" \/>\n<meta property=\"og:site_name\" content=\"Gewerbeverein Oberes Fricktal\" \/>\n<meta property=\"article:publisher\" content=\"https:\/\/facebook.com\/gewerbe-oberes-fricktal\" \/>\n<meta property=\"article:modified_time\" content=\"2020-03-19T11:58:35+00:00\" \/>\n<meta name=\"twitter:card\" content=\"summary_large_image\" \/>\n<script type=\"application\/ld+json\" class=\"yoast-schema-graph\">{\"@context\":\"https:\\\/\\\/schema.org\",\"@graph\":[{\"@type\":\"WebPage\",\"@id\":\"https:\\\/\\\/gewerbeoberesfricktal.ch\\\/index.php\\\/kontakt\\\/anmeldung-studiofuehrung-srf-ag-so-aarau-29-oktober-2020\\\/\",\"url\":\"https:\\\/\\\/gewerbeoberesfricktal.ch\\\/index.php\\\/kontakt\\\/anmeldung-studiofuehrung-srf-ag-so-aarau-29-oktober-2020\\\/\",\"name\":\"Anmeldung Studiof\u00fchrung 29. Oktober 2020 - Gewerbeverein Oberes Fricktal\",\"isPartOf\":{\"@id\":\"https:\\\/\\\/gewerbeoberesfricktal.ch\\\/#website\"},\"datePublished\":\"2020-03-19T10:56:27+00:00\",\"dateModified\":\"2020-03-19T11:58:35+00:00\",\"breadcrumb\":{\"@id\":\"https:\\\/\\\/gewerbeoberesfricktal.ch\\\/index.php\\\/kontakt\\\/anmeldung-studiofuehrung-srf-ag-so-aarau-29-oktober-2020\\\/#breadcrumb\"},\"inLanguage\":\"de-CH\",\"potentialAction\":[{\"@type\":\"ReadAction\",\"target\":[\"https:\\\/\\\/gewerbeoberesfricktal.ch\\\/index.php\\\/kontakt\\\/anmeldung-studiofuehrung-srf-ag-so-aarau-29-oktober-2020\\\/\"]}]},{\"@type\":\"BreadcrumbList\",\"@id\":\"https:\\\/\\\/gewerbeoberesfricktal.ch\\\/index.php\\\/kontakt\\\/anmeldung-studiofuehrung-srf-ag-so-aarau-29-oktober-2020\\\/#breadcrumb\",\"itemListElement\":[{\"@type\":\"ListItem\",\"position\":1,\"name\":\"Startseite\",\"item\":\"https:\\\/\\\/gewerbeoberesfricktal.ch\\\/\"},{\"@type\":\"ListItem\",\"position\":2,\"name\":\"Kontakt\",\"item\":\"https:\\\/\\\/gewerbeoberesfricktal.ch\\\/index.php\\\/kontakt\\\/\"},{\"@type\":\"ListItem\",\"position\":3,\"name\":\"Anmeldung Studiof\u00fchrung 29. Oktober 2020\"}]},{\"@type\":\"WebSite\",\"@id\":\"https:\\\/\\\/gewerbeoberesfricktal.ch\\\/#website\",\"url\":\"https:\\\/\\\/gewerbeoberesfricktal.ch\\\/\",\"name\":\"Gewerbeverein Oberes Fricktal\",\"description\":\"Ein starkes Gewerbe braucht die Region.\",\"publisher\":{\"@id\":\"https:\\\/\\\/gewerbeoberesfricktal.ch\\\/#organization\"},\"potentialAction\":[{\"@type\":\"SearchAction\",\"target\":{\"@type\":\"EntryPoint\",\"urlTemplate\":\"https:\\\/\\\/gewerbeoberesfricktal.ch\\\/?s={search_term_string}\"},\"query-input\":{\"@type\":\"PropertyValueSpecification\",\"valueRequired\":true,\"valueName\":\"search_term_string\"}}],\"inLanguage\":\"de-CH\"},{\"@type\":\"Organization\",\"@id\":\"https:\\\/\\\/gewerbeoberesfricktal.ch\\\/#organization\",\"name\":\"Gewerbeverein Oberes Fricktal\",\"url\":\"https:\\\/\\\/gewerbeoberesfricktal.ch\\\/\",\"logo\":{\"@type\":\"ImageObject\",\"inLanguage\":\"de-CH\",\"@id\":\"https:\\\/\\\/gewerbeoberesfricktal.ch\\\/#\\\/schema\\\/logo\\\/image\\\/\",\"url\":\"https:\\\/\\\/gewerbeoberesfricktal.ch\\\/wp-content\\\/uploads\\\/2018\\\/04\\\/GOF_Wortmarke-DEF_positiv-gruen-anthrazit_ausschnitt.jpg\",\"contentUrl\":\"https:\\\/\\\/gewerbeoberesfricktal.ch\\\/wp-content\\\/uploads\\\/2018\\\/04\\\/GOF_Wortmarke-DEF_positiv-gruen-anthrazit_ausschnitt.jpg\",\"width\":1214,\"height\":498,\"caption\":\"Gewerbeverein Oberes Fricktal\"},\"image\":{\"@id\":\"https:\\\/\\\/gewerbeoberesfricktal.ch\\\/#\\\/schema\\\/logo\\\/image\\\/\"},\"sameAs\":[\"https:\\\/\\\/facebook.com\\\/gewerbe-oberes-fricktal\"]}]}<\/script>\n<!-- \/ Yoast SEO plugin. -->","yoast_head_json":{"title":"Anmeldung Studiof\u00fchrung 29. Oktober 2020 - Gewerbeverein Oberes Fricktal","robots":{"index":"index","follow":"follow","max-snippet":"max-snippet:-1","max-image-preview":"max-image-preview:large","max-video-preview":"max-video-preview:-1"},"canonical":"https:\/\/gewerbeoberesfricktal.ch\/index.php\/kontakt\/anmeldung-studiofuehrung-srf-ag-so-aarau-29-oktober-2020\/","og_locale":"de_DE","og_type":"article","og_title":"Anmeldung Studiof\u00fchrung 29. Oktober 2020 - Gewerbeverein Oberes Fricktal","og_description":"Studiof\u00fchrung SRF Aarau, Donnerstag, 29. Oktober 2020, 16.30h. Beschr\u00e4nkte Teilnehmendezahl; Anmeldung beim Gewerbeverein erforderlich.Auskunft, Info, Anmeldung: info(bei)gewerbeoberesfricktal.ch Besammlung 10 Min vor Beginn vor dem Eingang 16.30 Uhr bis 18.00 Uhr (Abendsendung Regionaljournal live verfolgen) indegenerique.be. Die F\u00fchrung ist kostenlos. Gastgeber:&hellip;","og_url":"https:\/\/gewerbeoberesfricktal.ch\/index.php\/kontakt\/anmeldung-studiofuehrung-srf-ag-so-aarau-29-oktober-2020\/","og_site_name":"Gewerbeverein Oberes Fricktal","article_publisher":"https:\/\/facebook.com\/gewerbe-oberes-fricktal","article_modified_time":"2020-03-19T11:58:35+00:00","twitter_card":"summary_large_image","schema":{"@context":"https:\/\/schema.org","@graph":[{"@type":"WebPage","@id":"https:\/\/gewerbeoberesfricktal.ch\/index.php\/kontakt\/anmeldung-studiofuehrung-srf-ag-so-aarau-29-oktober-2020\/","url":"https:\/\/gewerbeoberesfricktal.ch\/index.php\/kontakt\/anmeldung-studiofuehrung-srf-ag-so-aarau-29-oktober-2020\/","name":"Anmeldung Studiof\u00fchrung 29. Oktober 2020 - Gewerbeverein Oberes Fricktal","isPartOf":{"@id":"https:\/\/gewerbeoberesfricktal.ch\/#website"},"datePublished":"2020-03-19T10:56:27+00:00","dateModified":"2020-03-19T11:58:35+00:00","breadcrumb":{"@id":"https:\/\/gewerbeoberesfricktal.ch\/index.php\/kontakt\/anmeldung-studiofuehrung-srf-ag-so-aarau-29-oktober-2020\/#breadcrumb"},"inLanguage":"de-CH","potentialAction":[{"@type":"ReadAction","target":["https:\/\/gewerbeoberesfricktal.ch\/index.php\/kontakt\/anmeldung-studiofuehrung-srf-ag-so-aarau-29-oktober-2020\/"]}]},{"@type":"BreadcrumbList","@id":"https:\/\/gewerbeoberesfricktal.ch\/index.php\/kontakt\/anmeldung-studiofuehrung-srf-ag-so-aarau-29-oktober-2020\/#breadcrumb","itemListElement":[{"@type":"ListItem","position":1,"name":"Startseite","item":"https:\/\/gewerbeoberesfricktal.ch\/"},{"@type":"ListItem","position":2,"name":"Kontakt","item":"https:\/\/gewerbeoberesfricktal.ch\/index.php\/kontakt\/"},{"@type":"ListItem","position":3,"name":"Anmeldung Studiof\u00fchrung 29. Oktober 2020"}]},{"@type":"WebSite","@id":"https:\/\/gewerbeoberesfricktal.ch\/#website","url":"https:\/\/gewerbeoberesfricktal.ch\/","name":"Gewerbeverein Oberes Fricktal","description":"Ein starkes Gewerbe braucht die Region.","publisher":{"@id":"https:\/\/gewerbeoberesfricktal.ch\/#organization"},"potentialAction":[{"@type":"SearchAction","target":{"@type":"EntryPoint","urlTemplate":"https:\/\/gewerbeoberesfricktal.ch\/?s={search_term_string}"},"query-input":{"@type":"PropertyValueSpecification","valueRequired":true,"valueName":"search_term_string"}}],"inLanguage":"de-CH"},{"@type":"Organization","@id":"https:\/\/gewerbeoberesfricktal.ch\/#organization","name":"Gewerbeverein Oberes Fricktal","url":"https:\/\/gewerbeoberesfricktal.ch\/","logo":{"@type":"ImageObject","inLanguage":"de-CH","@id":"https:\/\/gewerbeoberesfricktal.ch\/#\/schema\/logo\/image\/","url":"https:\/\/gewerbeoberesfricktal.ch\/wp-content\/uploads\/2018\/04\/GOF_Wortmarke-DEF_positiv-gruen-anthrazit_ausschnitt.jpg","contentUrl":"https:\/\/gewerbeoberesfricktal.ch\/wp-content\/uploads\/2018\/04\/GOF_Wortmarke-DEF_positiv-gruen-anthrazit_ausschnitt.jpg","width":1214,"height":498,"caption":"Gewerbeverein Oberes Fricktal"},"image":{"@id":"https:\/\/gewerbeoberesfricktal.ch\/#\/schema\/logo\/image\/"},"sameAs":["https:\/\/facebook.com\/gewerbe-oberes-fricktal"]}]}},"_links":{"self":[{"href":"https:\/\/gewerbeoberesfricktal.ch\/index.php\/wp-json\/wp\/v2\/pages\/944","targetHints":{"allow":["GET"]}}],"collection":[{"href":"https:\/\/gewerbeoberesfricktal.ch\/index.php\/wp-json\/wp\/v2\/pages"}],"about":[{"href":"https:\/\/gewerbeoberesfricktal.ch\/index.php\/wp-json\/wp\/v2\/types\/page"}],"author":[{"embeddable":true,"href":"https:\/\/gewerbeoberesfricktal.ch\/index.php\/wp-json\/wp\/v2\/users\/3"}],"replies":[{"embeddable":true,"href":"https:\/\/gewerbeoberesfricktal.ch\/index.php\/wp-json\/wp\/v2\/comments?post=944"}],"version-history":[{"count":6,"href":"https:\/\/gewerbeoberesfricktal.ch\/index.php\/wp-json\/wp\/v2\/pages\/944\/revisions"}],"predecessor-version":[{"id":956,"href":"https:\/\/gewerbeoberesfricktal.ch\/index.php\/wp-json\/wp\/v2\/pages\/944\/revisions\/956"}],"up":[{"embeddable":true,"href":"https:\/\/gewerbeoberesfricktal.ch\/index.php\/wp-json\/wp\/v2\/pages\/301"}],"wp:attachment":[{"href":"https:\/\/gewerbeoberesfricktal.ch\/index.php\/wp-json\/wp\/v2\/media?parent=944"}],"curies":[{"name":"wp","href":"https:\/\/api.w.org\/{rel}","templated":true}]}}