{"id":835,"date":"2019-12-09T11:58:31","date_gmt":"2019-12-09T10:58:31","guid":{"rendered":"https:\/\/gewerbeoberesfricktal.ch\/index.php\/ufaqs\/welches-ist-der-letzte-termin-fuer-die-einzahlung-des-mitgliederbeitrages-vereinsjahr-2019\/"},"modified":"2023-03-24T11:43:32","modified_gmt":"2023-03-24T10:43:32","slug":"welches-ist-der-letzte-termin-fuer-die-einzahlung-des-mitgliederbeitrages-vereinsjahr-2019","status":"publish","type":"ufaq","link":"https:\/\/gewerbeoberesfricktal.ch\/index.php\/ufaqs\/welches-ist-der-letzte-termin-fuer-die-einzahlung-des-mitgliederbeitrages-vereinsjahr-2019\/","title":{"rendered":"Welches ist der letzte Termin f\u00fcr die Einzahlung des Aktivmitgliederbeitrages des Vereinsjahres?"},"content":{"rendered":"<div  class=\"ewd-ufaq-faq-list ewd-ufaq-page-type-load_more ewd-ufaq-category-tabs-\" id='ewd-ufaq-faq-list'>\n\n\t<input type='hidden' name='show_on_load' value='' id='ewd-ufaq-show-on-load' \/>\n<input type='hidden' name='include_category' value='' id='ewd-ufaq-include-category' \/>\n<input type='hidden' name='exclude_category' value='' id='ewd-ufaq-exclude-category' \/>\n<input type='hidden' name='orderby' value='date' id='ewd-ufaq-orderby' \/>\n<input type='hidden' name='order' value='desc' id='ewd-ufaq-order' \/>\n<input type='hidden' name='post_count' value='-1' id='ewd-ufaq-post-count' \/>\n<input type='hidden' name='current_url' value='\/index.php\/wp-json\/wp\/v2\/ufaq\/835' id='ewd-ufaq-current-url' \/>\n\t\n\t\n\t<div class='ewd-ufaq-faqs'>\n\n\t\t<div  class=\"ewd-ufaq-faq-div ewd-ufaq-faq-column-count-one ewd-ufaq-faq-responsive-columns- ewd-ufaq-faq-display-style-default ewd-ufaq-can-be-toggled\" id='ewd-ufaq-post-835-6v6PFr8x8V' data-post_id='835'>\n\n\t\t\n\t<div class='ewd-ufaq-faq-title ewd-ufaq-faq-toggle'>\n\t\n\t<a class='ewd-ufaq-post-margin'  href='#' role=\"button\">\n\n\t\t<div class='ewd-ufaq-post-margin-symbol ewd-ufaq-square'>\n\t\t\t<span >A<\/span>\n\t\t<\/div>\n\n\t\t<div class='ewd-ufaq-faq-title-text'>\n\n\t\t\t<h4>\n\t\t\t\tWelches ist der letzte Termin f\u00fcr die Einzahlung des Aktivmitgliederbeitrages des Vereinsjahres?\t\t\t<\/h4>\n\n\t\t<\/div>\n\n\t\t<div class='ewd-ufaq-clear'><\/div>\n\n\t<\/a>\n\t\n<\/div>\n\t\n\t<div class='ewd-ufaq-faq-body' >\n\n\t\t\n\t\t\t<div class='ewd-ufaq-author-date'>\n\n\tPosted\n\tby\n<span class='ewd-ufaq-author'>\n\tHeinz Oftinger<\/span>\n\ton\n<span class='ewd-ufaq-date'>\n\t9. Dezember 2019<\/span>\n<\/div>\n\t\t\n\t\t\t<div class='ewd-ufaq-post-margin ewd-ufaq-faq-post'>\n\t<p>Der Betrag muss bis 31. M\u00e4rz auf dem Bankkonto sein, damit klare finanzielle Verh\u00e4ltnisse f\u00fcr die Jahresausgaben herrschen. Alternativ kann auch auf der Gesch\u00e4ftsstelle der Betrag bar bezahlt werden.<\/p>\n<p>Der Aktivmitgliederbeitrag betr\u00e4gt CHF 60.00 und ist jeweils bis am 31. M\u00e4rz des Jahres f\u00e4llig. <em>Eine (prompte) Bezahlung ist nebst Pflicht f\u00fcr Mitglieder auch eine Art der Wertsch\u00e4tzung f\u00fcr die Personen, die im Jahr dutzende von Arbeitsstunden leisten und sich f\u00fcr den Verein engagieren.<\/em> Vielen Dank f\u00fcr die prompte \u00dcberweisung!<\/p>\n<p>Aus Spar- und Digitalisierung 2.0 Gr\u00fcnden \ud83d\ude09 werden keine Rechnungen per Post versendet.<\/p>\n<\/div>\n\t\t\n\t\t\t<div class='ewd-ufaq-faq-custom-fields'>\n\n\t\n<\/div>\n\t\t\n\t\t\t<div class='ewd-ufaq-faq-categories'>\n\t\n\tCategory:\n\t\n\t\tMitgliedschaft, Engagement\n\t\n<\/div>\n\t\t\n\t\t\t\n\t\t\n\t\t\t\n\t\t\n\t\t\t\n\t\t\n\t\t\t<div class='ewd-ufaq-permalink'>\n\t\n\t<a href='https:\/\/gewerbeoberesfricktal.ch\/index.php\/ufaqs\/welches-ist-der-letzte-termin-fuer-die-einzahlung-des-mitgliederbeitrages-vereinsjahr-2019\/?Display_FAQ=835'>\n\t\t\n\t\tPermalink\t\t <div class='ewd-ufaq-permalink-image'><\/div> \t\n\t<\/a>\n\n<\/div>\n\t\t\n\t\t\t\n\t\t\n\t\t\t\n\t\t\n\t<\/div>\n\n<\/div>\n\t<\/div>\n\n\t\n<\/div>","protected":false},"excerpt":{"rendered":"<p>A Welches ist der letzte Termin f\u00fcr die Einzahlung des Aktivmitgliederbeitrages des Vereinsjahres? Posted by Heinz Oftinger on 9. Dezember 2019 Der Betrag muss bis 31. M\u00e4rz auf dem Bankkonto sein, damit klare finanzielle Verh\u00e4ltnisse f\u00fcr die Jahresausgaben herrschen. Alternativ&hellip; <\/p>\n","protected":false},"author":5,"featured_media":0,"comment_status":"closed","ping_status":"closed","template":"","meta":{"ngg_post_thumbnail":0},"ufaq-category":[50],"ufaq-tag":[],"class_list":["post-835","ufaq","type-ufaq","status-publish","hentry","ufaq-category-mitgliedschaft-engagement"],"yoast_head":"<!-- This site is optimized with the Yoast SEO plugin v27.5 - https:\/\/yoast.com\/product\/yoast-seo-wordpress\/ -->\n<title>Welches ist der letzte Termin f\u00fcr die Einzahlung des Aktivmitgliederbeitrages des Vereinsjahres? - Gewerbeverein Oberes Fricktal<\/title>\n<meta name=\"robots\" content=\"index, follow, max-snippet:-1, max-image-preview:large, max-video-preview:-1\" \/>\n<link rel=\"canonical\" href=\"https:\/\/gewerbeoberesfricktal.ch\/index.php\/ufaqs\/welches-ist-der-letzte-termin-fuer-die-einzahlung-des-mitgliederbeitrages-vereinsjahr-2019\/\" \/>\n<meta property=\"og:locale\" content=\"de_DE\" \/>\n<meta property=\"og:type\" content=\"article\" \/>\n<meta property=\"og:title\" content=\"Welches ist der letzte Termin f\u00fcr die Einzahlung des Aktivmitgliederbeitrages des Vereinsjahres? - Gewerbeverein Oberes Fricktal\" \/>\n<meta property=\"og:description\" content=\"A Welches ist der letzte Termin f\u00fcr die Einzahlung des Aktivmitgliederbeitrages des Vereinsjahres? Posted by Heinz Oftinger on 9. Dezember 2019 Der Betrag muss bis 31. M\u00e4rz auf dem Bankkonto sein, damit klare finanzielle Verh\u00e4ltnisse f\u00fcr die Jahresausgaben herrschen. Alternativ&hellip;\" \/>\n<meta property=\"og:url\" content=\"https:\/\/gewerbeoberesfricktal.ch\/index.php\/ufaqs\/welches-ist-der-letzte-termin-fuer-die-einzahlung-des-mitgliederbeitrages-vereinsjahr-2019\/\" \/>\n<meta property=\"og:site_name\" content=\"Gewerbeverein Oberes Fricktal\" \/>\n<meta property=\"article:publisher\" content=\"https:\/\/facebook.com\/gewerbe-oberes-fricktal\" \/>\n<meta property=\"article:modified_time\" content=\"2023-03-24T10:43:32+00:00\" \/>\n<meta name=\"twitter:card\" content=\"summary_large_image\" \/>\n<meta name=\"twitter:label1\" content=\"Gesch\u00e4tzte Lesezeit\" \/>\n\t<meta name=\"twitter:data1\" content=\"1\u00a0Minute\" \/>\n<script type=\"application\/ld+json\" class=\"yoast-schema-graph\">{\"@context\":\"https:\\\/\\\/schema.org\",\"@graph\":[{\"@type\":\"WebPage\",\"@id\":\"https:\\\/\\\/gewerbeoberesfricktal.ch\\\/index.php\\\/ufaqs\\\/welches-ist-der-letzte-termin-fuer-die-einzahlung-des-mitgliederbeitrages-vereinsjahr-2019\\\/\",\"url\":\"https:\\\/\\\/gewerbeoberesfricktal.ch\\\/index.php\\\/ufaqs\\\/welches-ist-der-letzte-termin-fuer-die-einzahlung-des-mitgliederbeitrages-vereinsjahr-2019\\\/\",\"name\":\"Welches ist der letzte Termin f\u00fcr die Einzahlung des Aktivmitgliederbeitrages des Vereinsjahres? - Gewerbeverein Oberes Fricktal\",\"isPartOf\":{\"@id\":\"https:\\\/\\\/gewerbeoberesfricktal.ch\\\/#website\"},\"datePublished\":\"2019-12-09T10:58:31+00:00\",\"dateModified\":\"2023-03-24T10:43:32+00:00\",\"breadcrumb\":{\"@id\":\"https:\\\/\\\/gewerbeoberesfricktal.ch\\\/index.php\\\/ufaqs\\\/welches-ist-der-letzte-termin-fuer-die-einzahlung-des-mitgliederbeitrages-vereinsjahr-2019\\\/#breadcrumb\"},\"inLanguage\":\"de-CH\",\"potentialAction\":[{\"@type\":\"ReadAction\",\"target\":[\"https:\\\/\\\/gewerbeoberesfricktal.ch\\\/index.php\\\/ufaqs\\\/welches-ist-der-letzte-termin-fuer-die-einzahlung-des-mitgliederbeitrages-vereinsjahr-2019\\\/\"]}]},{\"@type\":\"BreadcrumbList\",\"@id\":\"https:\\\/\\\/gewerbeoberesfricktal.ch\\\/index.php\\\/ufaqs\\\/welches-ist-der-letzte-termin-fuer-die-einzahlung-des-mitgliederbeitrages-vereinsjahr-2019\\\/#breadcrumb\",\"itemListElement\":[{\"@type\":\"ListItem\",\"position\":1,\"name\":\"Startseite\",\"item\":\"https:\\\/\\\/gewerbeoberesfricktal.ch\\\/\"},{\"@type\":\"ListItem\",\"position\":2,\"name\":\"FAQs\",\"item\":\"https:\\\/\\\/gewerbeoberesfricktal.ch\\\/index.php\\\/ufaqs\\\/\"},{\"@type\":\"ListItem\",\"position\":3,\"name\":\"Welches ist der letzte Termin f\u00fcr die Einzahlung des Aktivmitgliederbeitrages des Vereinsjahres?\"}]},{\"@type\":\"WebSite\",\"@id\":\"https:\\\/\\\/gewerbeoberesfricktal.ch\\\/#website\",\"url\":\"https:\\\/\\\/gewerbeoberesfricktal.ch\\\/\",\"name\":\"Gewerbeverein Oberes Fricktal\",\"description\":\"Ein starkes Gewerbe braucht die Region.\",\"publisher\":{\"@id\":\"https:\\\/\\\/gewerbeoberesfricktal.ch\\\/#organization\"},\"potentialAction\":[{\"@type\":\"SearchAction\",\"target\":{\"@type\":\"EntryPoint\",\"urlTemplate\":\"https:\\\/\\\/gewerbeoberesfricktal.ch\\\/?s={search_term_string}\"},\"query-input\":{\"@type\":\"PropertyValueSpecification\",\"valueRequired\":true,\"valueName\":\"search_term_string\"}}],\"inLanguage\":\"de-CH\"},{\"@type\":\"Organization\",\"@id\":\"https:\\\/\\\/gewerbeoberesfricktal.ch\\\/#organization\",\"name\":\"Gewerbeverein Oberes Fricktal\",\"url\":\"https:\\\/\\\/gewerbeoberesfricktal.ch\\\/\",\"logo\":{\"@type\":\"ImageObject\",\"inLanguage\":\"de-CH\",\"@id\":\"https:\\\/\\\/gewerbeoberesfricktal.ch\\\/#\\\/schema\\\/logo\\\/image\\\/\",\"url\":\"https:\\\/\\\/gewerbeoberesfricktal.ch\\\/wp-content\\\/uploads\\\/2018\\\/04\\\/GOF_Wortmarke-DEF_positiv-gruen-anthrazit_ausschnitt.jpg\",\"contentUrl\":\"https:\\\/\\\/gewerbeoberesfricktal.ch\\\/wp-content\\\/uploads\\\/2018\\\/04\\\/GOF_Wortmarke-DEF_positiv-gruen-anthrazit_ausschnitt.jpg\",\"width\":1214,\"height\":498,\"caption\":\"Gewerbeverein Oberes Fricktal\"},\"image\":{\"@id\":\"https:\\\/\\\/gewerbeoberesfricktal.ch\\\/#\\\/schema\\\/logo\\\/image\\\/\"},\"sameAs\":[\"https:\\\/\\\/facebook.com\\\/gewerbe-oberes-fricktal\"]}]}<\/script>\n<!-- \/ Yoast SEO plugin. -->","yoast_head_json":{"title":"Welches ist der letzte Termin f\u00fcr die Einzahlung des Aktivmitgliederbeitrages des Vereinsjahres? - Gewerbeverein Oberes Fricktal","robots":{"index":"index","follow":"follow","max-snippet":"max-snippet:-1","max-image-preview":"max-image-preview:large","max-video-preview":"max-video-preview:-1"},"canonical":"https:\/\/gewerbeoberesfricktal.ch\/index.php\/ufaqs\/welches-ist-der-letzte-termin-fuer-die-einzahlung-des-mitgliederbeitrages-vereinsjahr-2019\/","og_locale":"de_DE","og_type":"article","og_title":"Welches ist der letzte Termin f\u00fcr die Einzahlung des Aktivmitgliederbeitrages des Vereinsjahres? - Gewerbeverein Oberes Fricktal","og_description":"A Welches ist der letzte Termin f\u00fcr die Einzahlung des Aktivmitgliederbeitrages des Vereinsjahres? Posted by Heinz Oftinger on 9. Dezember 2019 Der Betrag muss bis 31. M\u00e4rz auf dem Bankkonto sein, damit klare finanzielle Verh\u00e4ltnisse f\u00fcr die Jahresausgaben herrschen. Alternativ&hellip;","og_url":"https:\/\/gewerbeoberesfricktal.ch\/index.php\/ufaqs\/welches-ist-der-letzte-termin-fuer-die-einzahlung-des-mitgliederbeitrages-vereinsjahr-2019\/","og_site_name":"Gewerbeverein Oberes Fricktal","article_publisher":"https:\/\/facebook.com\/gewerbe-oberes-fricktal","article_modified_time":"2023-03-24T10:43:32+00:00","twitter_card":"summary_large_image","twitter_misc":{"Gesch\u00e4tzte Lesezeit":"1\u00a0Minute"},"schema":{"@context":"https:\/\/schema.org","@graph":[{"@type":"WebPage","@id":"https:\/\/gewerbeoberesfricktal.ch\/index.php\/ufaqs\/welches-ist-der-letzte-termin-fuer-die-einzahlung-des-mitgliederbeitrages-vereinsjahr-2019\/","url":"https:\/\/gewerbeoberesfricktal.ch\/index.php\/ufaqs\/welches-ist-der-letzte-termin-fuer-die-einzahlung-des-mitgliederbeitrages-vereinsjahr-2019\/","name":"Welches ist der letzte Termin f\u00fcr die Einzahlung des Aktivmitgliederbeitrages des Vereinsjahres? - Gewerbeverein Oberes Fricktal","isPartOf":{"@id":"https:\/\/gewerbeoberesfricktal.ch\/#website"},"datePublished":"2019-12-09T10:58:31+00:00","dateModified":"2023-03-24T10:43:32+00:00","breadcrumb":{"@id":"https:\/\/gewerbeoberesfricktal.ch\/index.php\/ufaqs\/welches-ist-der-letzte-termin-fuer-die-einzahlung-des-mitgliederbeitrages-vereinsjahr-2019\/#breadcrumb"},"inLanguage":"de-CH","potentialAction":[{"@type":"ReadAction","target":["https:\/\/gewerbeoberesfricktal.ch\/index.php\/ufaqs\/welches-ist-der-letzte-termin-fuer-die-einzahlung-des-mitgliederbeitrages-vereinsjahr-2019\/"]}]},{"@type":"BreadcrumbList","@id":"https:\/\/gewerbeoberesfricktal.ch\/index.php\/ufaqs\/welches-ist-der-letzte-termin-fuer-die-einzahlung-des-mitgliederbeitrages-vereinsjahr-2019\/#breadcrumb","itemListElement":[{"@type":"ListItem","position":1,"name":"Startseite","item":"https:\/\/gewerbeoberesfricktal.ch\/"},{"@type":"ListItem","position":2,"name":"FAQs","item":"https:\/\/gewerbeoberesfricktal.ch\/index.php\/ufaqs\/"},{"@type":"ListItem","position":3,"name":"Welches ist der letzte Termin f\u00fcr die Einzahlung des Aktivmitgliederbeitrages des Vereinsjahres?"}]},{"@type":"WebSite","@id":"https:\/\/gewerbeoberesfricktal.ch\/#website","url":"https:\/\/gewerbeoberesfricktal.ch\/","name":"Gewerbeverein Oberes Fricktal","description":"Ein starkes Gewerbe braucht die Region.","publisher":{"@id":"https:\/\/gewerbeoberesfricktal.ch\/#organization"},"potentialAction":[{"@type":"SearchAction","target":{"@type":"EntryPoint","urlTemplate":"https:\/\/gewerbeoberesfricktal.ch\/?s={search_term_string}"},"query-input":{"@type":"PropertyValueSpecification","valueRequired":true,"valueName":"search_term_string"}}],"inLanguage":"de-CH"},{"@type":"Organization","@id":"https:\/\/gewerbeoberesfricktal.ch\/#organization","name":"Gewerbeverein Oberes Fricktal","url":"https:\/\/gewerbeoberesfricktal.ch\/","logo":{"@type":"ImageObject","inLanguage":"de-CH","@id":"https:\/\/gewerbeoberesfricktal.ch\/#\/schema\/logo\/image\/","url":"https:\/\/gewerbeoberesfricktal.ch\/wp-content\/uploads\/2018\/04\/GOF_Wortmarke-DEF_positiv-gruen-anthrazit_ausschnitt.jpg","contentUrl":"https:\/\/gewerbeoberesfricktal.ch\/wp-content\/uploads\/2018\/04\/GOF_Wortmarke-DEF_positiv-gruen-anthrazit_ausschnitt.jpg","width":1214,"height":498,"caption":"Gewerbeverein Oberes Fricktal"},"image":{"@id":"https:\/\/gewerbeoberesfricktal.ch\/#\/schema\/logo\/image\/"},"sameAs":["https:\/\/facebook.com\/gewerbe-oberes-fricktal"]}]}},"_links":{"self":[{"href":"https:\/\/gewerbeoberesfricktal.ch\/index.php\/wp-json\/wp\/v2\/ufaq\/835","targetHints":{"allow":["GET"]}}],"collection":[{"href":"https:\/\/gewerbeoberesfricktal.ch\/index.php\/wp-json\/wp\/v2\/ufaq"}],"about":[{"href":"https:\/\/gewerbeoberesfricktal.ch\/index.php\/wp-json\/wp\/v2\/types\/ufaq"}],"author":[{"embeddable":true,"href":"https:\/\/gewerbeoberesfricktal.ch\/index.php\/wp-json\/wp\/v2\/users\/5"}],"replies":[{"embeddable":true,"href":"https:\/\/gewerbeoberesfricktal.ch\/index.php\/wp-json\/wp\/v2\/comments?post=835"}],"wp:attachment":[{"href":"https:\/\/gewerbeoberesfricktal.ch\/index.php\/wp-json\/wp\/v2\/media?parent=835"}],"wp:term":[{"taxonomy":"ufaq-category","embeddable":true,"href":"https:\/\/gewerbeoberesfricktal.ch\/index.php\/wp-json\/wp\/v2\/ufaq-category?post=835"},{"taxonomy":"ufaq-tag","embeddable":true,"href":"https:\/\/gewerbeoberesfricktal.ch\/index.php\/wp-json\/wp\/v2\/ufaq-tag?post=835"}],"curies":[{"name":"wp","href":"https:\/\/api.w.org\/{rel}","templated":true}]}}